{"id":804,"date":"2021-08-25T00:43:29","date_gmt":"2021-08-25T00:43:29","guid":{"rendered":"https:\/\/hermanasdelaveracruz.avir.consulting\/?page_id=804"},"modified":"2024-10-27T23:05:39","modified_gmt":"2024-10-27T23:05:39","slug":"fundadores-l","status":"publish","type":"page","link":"https:\/\/hermanasdelaveracruz.avir.consulting\/?page_id=804","title":{"rendered":"Fundadores L"},"content":{"rendered":"\t\t<div data-elementor-type=\"wp-page\" data-elementor-id=\"804\" class=\"elementor elementor-804\">\n\t\t\t\t\t\t<section class=\"elementor-section elementor-top-section elementor-element elementor-element-44acd56d elementor-section-full_width elementor-section-stretched elementor-section-height-default elementor-section-height-default parallax_section_no qode_elementor_container_no\" data-id=\"44acd56d\" data-element_type=\"section\" data-e-type=\"section\" data-settings=\"{&quot;background_background&quot;:&quot;classic&quot;,&quot;shape_divider_bottom&quot;:&quot;curve&quot;,&quot;shape_divider_bottom_negative&quot;:&quot;yes&quot;,&quot;stretch_section&quot;:&quot;section-stretched&quot;}\">\n\t\t\t\t\t\t\t<div class=\"elementor-background-overlay\"><\/div>\n\t\t\t\t\t\t<div class=\"elementor-shape elementor-shape-bottom\" aria-hidden=\"true\" data-negative=\"true\">\n\t\t\t<svg xmlns=\"http:\/\/www.w3.org\/2000\/svg\" viewBox=\"0 0 1000 100\" preserveAspectRatio=\"none\">\n\t<path class=\"elementor-shape-fill\" d=\"M500,97C126.7,96.3,0.8,19.8,0,0v100l1000,0V1C1000,19.4,873.3,97.8,500,97z\"\/>\n<\/svg>\t\t<\/div>\n\t\t\t\t\t<div class=\"elementor-container elementor-column-gap-default\">\n\t\t\t\t\t<div class=\"elementor-column elementor-col-100 elementor-top-column elementor-element elementor-element-725c55f3\" data-id=\"725c55f3\" data-element_type=\"column\" data-e-type=\"column\">\n\t\t\t<div class=\"elementor-widget-wrap elementor-element-populated\">\n\t\t\t\t\t\t<div class=\"elementor-element elementor-element-2515aec2 elementor-widget elementor-widget-heading\" data-id=\"2515aec2\" data-element_type=\"widget\" data-e-type=\"widget\" data-widget_type=\"heading.default\">\n\t\t\t\t<div class=\"elementor-widget-container\">\n\t\t\t\t\t<p class=\"elementor-heading-title elementor-size-default\">Sierva de Dios<br>Martha Christlieb<br>de la Inmaculada<\/p>\t\t\t\t<\/div>\n\t\t\t\t<\/div>\n\t\t\t\t<div class=\"elementor-element elementor-element-576819b0 elementor-widget-divider--view-line elementor-widget elementor-widget-divider\" data-id=\"576819b0\" data-element_type=\"widget\" data-e-type=\"widget\" data-widget_type=\"divider.default\">\n\t\t\t\t<div class=\"elementor-widget-container\">\n\t\t\t\t\t\t\t<div class=\"elementor-divider\">\n\t\t\t<span class=\"elementor-divider-separator\">\n\t\t\t\t\t\t<\/span>\n\t\t<\/div>\n\t\t\t\t\t\t<\/div>\n\t\t\t\t<\/div>\n\t\t\t\t\t<\/div>\n\t\t<\/div>\n\t\t\t\t\t<\/div>\n\t\t<\/section>\n\t\t\t\t<section class=\"elementor-section elementor-top-section elementor-element elementor-element-7b22cb8a elementor-section-boxed elementor-section-height-default elementor-section-height-default parallax_section_no qode_elementor_container_no\" data-id=\"7b22cb8a\" data-element_type=\"section\" data-e-type=\"section\">\n\t\t\t\t\t\t<div class=\"elementor-container elementor-column-gap-wide\">\n\t\t\t\t\t<div class=\"elementor-column elementor-col-100 elementor-top-column elementor-element elementor-element-16c8d3ed\" data-id=\"16c8d3ed\" data-element_type=\"column\" data-e-type=\"column\">\n\t\t\t<div class=\"elementor-widget-wrap elementor-element-populated\">\n\t\t\t\t\t\t<div class=\"elementor-element elementor-element-3736bdc elementor-widget elementor-widget-image\" data-id=\"3736bdc\" data-element_type=\"widget\" data-e-type=\"widget\" data-widget_type=\"image.default\">\n\t\t\t\t<div class=\"elementor-widget-container\">\n\t\t\t\t\t\t\t\t\t\t\t\t\t\t\t<img fetchpriority=\"high\" decoding=\"async\" width=\"540\" height=\"700\" src=\"https:\/\/hermanasdelaveracruz.avir.consulting\/wp-content\/uploads\/2021\/09\/Madre-MArtha-PNG.png\" class=\"attachment-large size-large wp-image-1197\" alt=\"\" srcset=\"https:\/\/hermanasdelaveracruz.avir.consulting\/wp-content\/uploads\/2021\/09\/Madre-MArtha-PNG.png 540w, https:\/\/hermanasdelaveracruz.avir.consulting\/wp-content\/uploads\/2021\/09\/Madre-MArtha-PNG-231x300.png 231w\" sizes=\"(max-width: 540px) 100vw, 540px\" \/>\t\t\t\t\t\t\t\t\t\t\t\t\t\t\t<\/div>\n\t\t\t\t<\/div>\n\t\t\t\t\t<\/div>\n\t\t<\/div>\n\t\t\t\t\t<\/div>\n\t\t<\/section>\n\t\t\t\t<section class=\"elementor-section elementor-top-section elementor-element elementor-element-93f2dff elementor-section-full_width elementor-section-stretched elementor-section-height-default elementor-section-height-default parallax_section_no qode_elementor_container_no\" data-id=\"93f2dff\" data-element_type=\"section\" data-e-type=\"section\" data-settings=\"{&quot;stretch_section&quot;:&quot;section-stretched&quot;}\">\n\t\t\t\t\t\t<div class=\"elementor-container elementor-column-gap-default\">\n\t\t\t\t\t<div class=\"elementor-column elementor-col-100 elementor-top-column elementor-element elementor-element-c65f760\" data-id=\"c65f760\" data-element_type=\"column\" data-e-type=\"column\">\n\t\t\t<div class=\"elementor-widget-wrap elementor-element-populated\">\n\t\t\t\t\t\t<div class=\"elementor-element elementor-element-4f21503 elementor-widget elementor-widget-animated-headline\" data-id=\"4f21503\" data-element_type=\"widget\" data-e-type=\"widget\" data-widget_type=\"animated-headline.default\">\n\t\t\t\t<div class=\"elementor-widget-container\">\n\t\t\t\t\t \t\t\t\t<\/div>\n\t\t\t\t<\/div>\n\t\t\t\t<div class=\"elementor-element elementor-element-3cfb305 elementor-widget elementor-widget-heading\" data-id=\"3cfb305\" data-element_type=\"widget\" data-e-type=\"widget\" data-widget_type=\"heading.default\">\n\t\t\t\t<div class=\"elementor-widget-container\">\n\t\t\t\t\t<span class=\"elementor-heading-title elementor-size-small\">Proceso de Canonizaci\u00f3n\n\n<\/span>\t\t\t\t<\/div>\n\t\t\t\t<\/div>\n\t\t\t\t<div class=\"elementor-element elementor-element-927200c elementor-icon-list--layout-inline elementor-align-center elementor-list-item-link-full_width elementor-widget elementor-widget-icon-list\" data-id=\"927200c\" data-element_type=\"widget\" data-e-type=\"widget\" data-widget_type=\"icon-list.default\">\n\t\t\t\t<div class=\"elementor-widget-container\">\n\t\t\t\t\t\t\t<ul class=\"elementor-icon-list-items elementor-inline-items\">\n\t\t\t\t\t\t\t<li class=\"elementor-icon-list-item elementor-inline-item\">\n\t\t\t\t\t\t\t\t\t\t\t<span class=\"elementor-icon-list-icon\">\n\t\t\t\t\t\t\t<i aria-hidden=\"true\" class=\"far fa-star\"><\/i>\t\t\t\t\t\t<\/span>\n\t\t\t\t\t\t\t\t\t\t<span class=\"elementor-icon-list-text\">Sierva de Dios<\/span>\n\t\t\t\t\t\t\t\t\t<\/li>\n\t\t\t\t\t\t\t\t<li class=\"elementor-icon-list-item elementor-inline-item\">\n\t\t\t\t\t\t\t\t\t\t\t<span class=\"elementor-icon-list-icon\">\n\t\t\t\t\t\t\t<i aria-hidden=\"true\" class=\"far fa-star\"><\/i>\t\t\t\t\t\t<\/span>\n\t\t\t\t\t\t\t\t\t\t<span class=\"elementor-icon-list-text\">Venerable<\/span>\n\t\t\t\t\t\t\t\t\t<\/li>\n\t\t\t\t\t\t\t\t<li class=\"elementor-icon-list-item elementor-inline-item\">\n\t\t\t\t\t\t\t\t\t\t\t<span class=\"elementor-icon-list-icon\">\n\t\t\t\t\t\t\t<i aria-hidden=\"true\" class=\"far fa-star\"><\/i>\t\t\t\t\t\t<\/span>\n\t\t\t\t\t\t\t\t\t\t<span class=\"elementor-icon-list-text\">Beata o Bienaventurada<\/span>\n\t\t\t\t\t\t\t\t\t<\/li>\n\t\t\t\t\t\t\t\t<li class=\"elementor-icon-list-item elementor-inline-item\">\n\t\t\t\t\t\t\t\t\t\t\t<span class=\"elementor-icon-list-icon\">\n\t\t\t\t\t\t\t<i aria-hidden=\"true\" class=\"far fa-star\"><\/i>\t\t\t\t\t\t<\/span>\n\t\t\t\t\t\t\t\t\t\t<span class=\"elementor-icon-list-text\">Santa<\/span>\n\t\t\t\t\t\t\t\t\t<\/li>\n\t\t\t\t\t\t<\/ul>\n\t\t\t\t\t\t<\/div>\n\t\t\t\t<\/div>\n\t\t\t\t\t<\/div>\n\t\t<\/div>\n\t\t\t\t\t<\/div>\n\t\t<\/section>\n\t\t\t\t<section class=\"elementor-section elementor-top-section elementor-element elementor-element-b70e079 elementor-section-stretched elementor-section-boxed elementor-section-height-default elementor-section-height-default parallax_section_no qode_elementor_container_no\" data-id=\"b70e079\" data-element_type=\"section\" data-e-type=\"section\" data-settings=\"{&quot;stretch_section&quot;:&quot;section-stretched&quot;,&quot;background_background&quot;:&quot;classic&quot;}\">\n\t\t\t\t\t\t\t<div class=\"elementor-background-overlay\"><\/div>\n\t\t\t\t\t\t\t<div class=\"elementor-container elementor-column-gap-default\">\n\t\t\t\t\t<div class=\"elementor-column elementor-col-50 elementor-top-column elementor-element elementor-element-45ecbabb\" data-id=\"45ecbabb\" data-element_type=\"column\" data-e-type=\"column\">\n\t\t\t<div class=\"elementor-widget-wrap elementor-element-populated\">\n\t\t\t\t\t\t<div class=\"elementor-element elementor-element-3aca6c48 elementor-widget elementor-widget-heading\" data-id=\"3aca6c48\" data-element_type=\"widget\" data-e-type=\"widget\" data-widget_type=\"heading.default\">\n\t\t\t\t<div class=\"elementor-widget-container\">\n\t\t\t\t\t<h2 class=\"elementor-heading-title elementor-size-default\">\u00bfEn qu\u00e9 parte del proceso de canonizaci\u00f3n est\u00e1 actualmente la causa de madre Martha?<\/h2>\t\t\t\t<\/div>\n\t\t\t\t<\/div>\n\t\t\t\t<div class=\"elementor-element elementor-element-4ca109ef elementor-widget elementor-widget-text-editor\" data-id=\"4ca109ef\" data-element_type=\"widget\" data-e-type=\"widget\" data-widget_type=\"text-editor.default\">\n\t\t\t\t<div class=\"elementor-widget-container\">\n\t\t\t\t\t\t\t\t\t<p>Toda causa de canonizaci\u00f3n tiene dos fases: diocesana y romana.<\/p><p>El proceso de canonizaci\u00f3n de la Sierva de Dios Madre Martha Christlieb Ibarrola, svcfe, se inici\u00f3 formalmente el 16 de enero del 2003.<\/p>\t\t\t\t\t\t\t\t<\/div>\n\t\t\t\t<\/div>\n\t\t\t\t\t<\/div>\n\t\t<\/div>\n\t\t\t\t<div class=\"elementor-column elementor-col-50 elementor-top-column elementor-element elementor-element-11314f18\" data-id=\"11314f18\" data-element_type=\"column\" data-e-type=\"column\">\n\t\t\t<div class=\"elementor-widget-wrap elementor-element-populated\">\n\t\t\t\t\t\t<div class=\"elementor-element elementor-element-71e2b0e elementor-widget elementor-widget-image\" data-id=\"71e2b0e\" data-element_type=\"widget\" data-e-type=\"widget\" data-widget_type=\"image.default\">\n\t\t\t\t<div class=\"elementor-widget-container\">\n\t\t\t\t\t\t\t\t\t\t\t\t\t\t\t<img decoding=\"async\" width=\"1920\" height=\"1280\" src=\"https:\/\/hermanasdelaveracruz.avir.consulting\/wp-content\/uploads\/2021\/10\/Mons.-Hipolito-Reyes-Larios.jpg\" class=\"attachment-full size-full wp-image-1935\" alt=\"\" srcset=\"https:\/\/hermanasdelaveracruz.avir.consulting\/wp-content\/uploads\/2021\/10\/Mons.-Hipolito-Reyes-Larios.jpg 1920w, https:\/\/hermanasdelaveracruz.avir.consulting\/wp-content\/uploads\/2021\/10\/Mons.-Hipolito-Reyes-Larios-300x200.jpg 300w, https:\/\/hermanasdelaveracruz.avir.consulting\/wp-content\/uploads\/2021\/10\/Mons.-Hipolito-Reyes-Larios-1024x683.jpg 1024w, https:\/\/hermanasdelaveracruz.avir.consulting\/wp-content\/uploads\/2021\/10\/Mons.-Hipolito-Reyes-Larios-768x512.jpg 768w, https:\/\/hermanasdelaveracruz.avir.consulting\/wp-content\/uploads\/2021\/10\/Mons.-Hipolito-Reyes-Larios-1536x1024.jpg 1536w, https:\/\/hermanasdelaveracruz.avir.consulting\/wp-content\/uploads\/2021\/10\/Mons.-Hipolito-Reyes-Larios-700x467.jpg 700w\" sizes=\"(max-width: 1920px) 100vw, 1920px\" \/>\t\t\t\t\t\t\t\t\t\t\t\t\t\t\t<\/div>\n\t\t\t\t<\/div>\n\t\t\t\t<div class=\"elementor-element elementor-element-e69729e elementor-widget elementor-widget-text-editor\" data-id=\"e69729e\" data-element_type=\"widget\" data-e-type=\"widget\" data-widget_type=\"text-editor.default\">\n\t\t\t\t<div class=\"elementor-widget-container\">\n\t\t\t\t\t\t\t\t\t<p>+ <span style=\"font-weight: 400;\">Mons. Hip\u00f3lito Reyes Larios, primer obispo de Orizaba, en la ceremonia de apertura, dijo que el proceso de su canonizaci\u00f3n debe ser considerado una fiesta de santidad.<\/span><\/p>\t\t\t\t\t\t\t\t<\/div>\n\t\t\t\t<\/div>\n\t\t\t\t\t<\/div>\n\t\t<\/div>\n\t\t\t\t\t<\/div>\n\t\t<\/section>\n\t\t\t\t<section class=\"elementor-section elementor-top-section elementor-element elementor-element-9a520e9 elementor-section-stretched elementor-section-boxed elementor-section-height-default elementor-section-height-default parallax_section_no qode_elementor_container_no\" data-id=\"9a520e9\" data-element_type=\"section\" data-e-type=\"section\" data-settings=\"{&quot;stretch_section&quot;:&quot;section-stretched&quot;}\">\n\t\t\t\t\t\t\t<div class=\"elementor-background-overlay\"><\/div>\n\t\t\t\t\t\t\t<div class=\"elementor-container elementor-column-gap-default\">\n\t\t\t\t\t<div class=\"elementor-column elementor-col-100 elementor-top-column elementor-element elementor-element-0747136\" data-id=\"0747136\" data-element_type=\"column\" data-e-type=\"column\">\n\t\t\t<div class=\"elementor-widget-wrap elementor-element-populated\">\n\t\t\t\t\t\t<div class=\"elementor-element elementor-element-db773b8 elementor-widget elementor-widget-text-editor\" data-id=\"db773b8\" data-element_type=\"widget\" data-e-type=\"widget\" data-widget_type=\"text-editor.default\">\n\t\t\t\t<div class=\"elementor-widget-container\">\n\t\t\t\t\t\t\t\t\t<p>El 18 de julio de 2017, se concluy\u00f3 el proceso diocesano de la causa teniendo la ceremonia de clausura y se envi\u00f3 a Roma.<\/p>\t\t\t\t\t\t\t\t<\/div>\n\t\t\t\t<\/div>\n\t\t\t\t<div class=\"elementor-element elementor-element-3c8a308 elementor-widget elementor-widget-media-carousel\" data-id=\"3c8a308\" data-element_type=\"widget\" data-e-type=\"widget\" data-widget_type=\"media-carousel.default\">\n\t\t\t\t<div class=\"elementor-widget-container\">\n\t\t\t\t\t \t\t\t\t<\/div>\n\t\t\t\t<\/div>\n\t\t\t\t\t<\/div>\n\t\t<\/div>\n\t\t\t\t\t<\/div>\n\t\t<\/section>\n\t\t\t\t<section class=\"elementor-section elementor-top-section elementor-element elementor-element-f34c3cd elementor-section-stretched elementor-section-boxed elementor-section-height-default elementor-section-height-default parallax_section_no qode_elementor_container_no\" data-id=\"f34c3cd\" data-element_type=\"section\" data-e-type=\"section\" data-settings=\"{&quot;stretch_section&quot;:&quot;section-stretched&quot;,&quot;background_background&quot;:&quot;classic&quot;}\">\n\t\t\t\t\t\t\t<div class=\"elementor-background-overlay\"><\/div>\n\t\t\t\t\t\t\t<div class=\"elementor-container elementor-column-gap-default\">\n\t\t\t\t\t<div class=\"elementor-column elementor-col-100 elementor-top-column elementor-element elementor-element-66129e5\" data-id=\"66129e5\" data-element_type=\"column\" data-e-type=\"column\">\n\t\t\t<div class=\"elementor-widget-wrap elementor-element-populated\">\n\t\t\t\t\t\t<div class=\"elementor-element elementor-element-f54aa5c elementor-widget elementor-widget-text-editor\" data-id=\"f54aa5c\" data-element_type=\"widget\" data-e-type=\"widget\" data-widget_type=\"text-editor.default\">\n\t\t\t\t<div class=\"elementor-widget-container\">\n\t\t\t\t\t\t\t\t\t<p>El 23 de octubre de 2018, fue la apertura en la Congregaci\u00f3n de las causas de los santos, en Roma, para hacer la revisi\u00f3n concerniente; se pidi\u00f3 el\u00a0<em>decreto de validez<\/em>, que nos fue otorgado el 22 de marzo de 2019.<\/p><p>Con la emisi\u00f3n de este documento, como su nombre lo dice, se valid\u00f3 afirmativamente la fase diocesana para proseguir con la fase romana. Actualmente se est\u00e1 trabajando en el estudio de la heroicidad de sus virtudes (Positio), para que, con la gracia de Dios, pronto sean reconocidas la heroicidad de sus virtudes y se considere Venerable.<\/p>\t\t\t\t\t\t\t\t<\/div>\n\t\t\t\t<\/div>\n\t\t\t\t<div class=\"elementor-element elementor-element-5e63970 elementor-widget elementor-widget-media-carousel\" data-id=\"5e63970\" data-element_type=\"widget\" data-e-type=\"widget\" data-widget_type=\"media-carousel.default\">\n\t\t\t\t<div class=\"elementor-widget-container\">\n\t\t\t\t\t \t\t\t\t<\/div>\n\t\t\t\t<\/div>\n\t\t\t\t\t<\/div>\n\t\t<\/div>\n\t\t\t\t\t<\/div>\n\t\t<\/section>\n\t\t\t\t<section class=\"elementor-section elementor-top-section elementor-element elementor-element-6b4b522 elementor-section-stretched elementor-section-boxed elementor-section-height-default elementor-section-height-default parallax_section_no qode_elementor_container_no\" data-id=\"6b4b522\" data-element_type=\"section\" data-e-type=\"section\" data-settings=\"{&quot;stretch_section&quot;:&quot;section-stretched&quot;}\">\n\t\t\t\t\t\t\t<div class=\"elementor-background-overlay\"><\/div>\n\t\t\t\t\t\t\t<div class=\"elementor-container elementor-column-gap-default\">\n\t\t\t\t\t<div class=\"elementor-column elementor-col-50 elementor-top-column elementor-element elementor-element-ea32318\" data-id=\"ea32318\" data-element_type=\"column\" data-e-type=\"column\">\n\t\t\t<div class=\"elementor-widget-wrap elementor-element-populated\">\n\t\t\t\t\t\t<div class=\"elementor-element elementor-element-7cba603 elementor-widget elementor-widget-text-editor\" data-id=\"7cba603\" data-element_type=\"widget\" data-e-type=\"widget\" data-widget_type=\"text-editor.default\">\n\t\t\t\t<div class=\"elementor-widget-container\">\n\t\t\t\t\t\t\t\t\t<p><strong>Encomi\u00e9ndate a su intercesi\u00f3n, <\/strong><strong>Y comp\u00e1rtenos c\u00f3mo te ha ayudado en tus necesidades<\/strong><\/p>\t\t\t\t\t\t\t\t<\/div>\n\t\t\t\t<\/div>\n\t\t\t\t<div class=\"elementor-element elementor-element-fc33f0f elementor-widget elementor-widget-image\" data-id=\"fc33f0f\" data-element_type=\"widget\" data-e-type=\"widget\" data-widget_type=\"image.default\">\n\t\t\t\t<div class=\"elementor-widget-container\">\n\t\t\t\t\t\t\t\t\t\t\t\t<figure class=\"wp-caption\">\n\t\t\t\t\t\t\t\t\t\t<img decoding=\"async\" width=\"1125\" height=\"1125\" src=\"https:\/\/hermanasdelaveracruz.avir.consulting\/wp-content\/uploads\/2021\/10\/ORACION-NM-.jpg\" class=\"attachment-full size-full wp-image-1937\" alt=\"\" srcset=\"https:\/\/hermanasdelaveracruz.avir.consulting\/wp-content\/uploads\/2021\/10\/ORACION-NM-.jpg 1125w, https:\/\/hermanasdelaveracruz.avir.consulting\/wp-content\/uploads\/2021\/10\/ORACION-NM--300x300.jpg 300w, https:\/\/hermanasdelaveracruz.avir.consulting\/wp-content\/uploads\/2021\/10\/ORACION-NM--1024x1024.jpg 1024w, https:\/\/hermanasdelaveracruz.avir.consulting\/wp-content\/uploads\/2021\/10\/ORACION-NM--150x150.jpg 150w, https:\/\/hermanasdelaveracruz.avir.consulting\/wp-content\/uploads\/2021\/10\/ORACION-NM--768x768.jpg 768w, https:\/\/hermanasdelaveracruz.avir.consulting\/wp-content\/uploads\/2021\/10\/ORACION-NM--570x570.jpg 570w, https:\/\/hermanasdelaveracruz.avir.consulting\/wp-content\/uploads\/2021\/10\/ORACION-NM--500x500.jpg 500w, https:\/\/hermanasdelaveracruz.avir.consulting\/wp-content\/uploads\/2021\/10\/ORACION-NM--1000x1000.jpg 1000w, https:\/\/hermanasdelaveracruz.avir.consulting\/wp-content\/uploads\/2021\/10\/ORACION-NM--700x700.jpg 700w\" sizes=\"(max-width: 1125px) 100vw, 1125px\" \/>\t\t\t\t\t\t\t\t\t\t\t<figcaption class=\"widget-image-caption wp-caption-text\"><\/figcaption>\n\t\t\t\t\t\t\t\t\t\t<\/figure>\n\t\t\t\t\t\t\t\t\t<\/div>\n\t\t\t\t<\/div>\n\t\t\t\t\t<\/div>\n\t\t<\/div>\n\t\t\t\t<div class=\"elementor-column elementor-col-50 elementor-top-column elementor-element elementor-element-f017527\" data-id=\"f017527\" data-element_type=\"column\" data-e-type=\"column\">\n\t\t\t<div class=\"elementor-widget-wrap elementor-element-populated\">\n\t\t\t\t\t\t<div class=\"elementor-element elementor-element-a026ab7 elementor-widget elementor-widget-heading\" data-id=\"a026ab7\" data-element_type=\"widget\" data-e-type=\"widget\" data-widget_type=\"heading.default\">\n\t\t\t\t<div class=\"elementor-widget-container\">\n\t\t\t\t\t<h2 class=\"elementor-heading-title elementor-size-default\">\u00bfQui\u00e9nes son los favorecidos?<\/h2>\t\t\t\t<\/div>\n\t\t\t\t<\/div>\n\t\t\t\t<div class=\"elementor-element elementor-element-60cbc86 elementor-widget elementor-widget-text-editor\" data-id=\"60cbc86\" data-element_type=\"widget\" data-e-type=\"widget\" data-widget_type=\"text-editor.default\">\n\t\t\t\t<div class=\"elementor-widget-container\">\n\t\t\t\t\t\t\t\t\t<p><span style=\"font-weight: 400;\">Desde que una causa de canonizaci\u00f3n es iniciada puede pedirse la intercesi\u00f3n de la Sierva de Dios, con la oraci\u00f3n aprobada por la Congregaci\u00f3n de las Causas de los Santos. As\u00ed que han sido -y son- favorecidas las personas que conf\u00edan en su intercesi\u00f3n.<\/span><\/p><p><span style=\"font-weight: 400;\">Gracias a ello hemos visto que la Sierva de Dios ha favorecido a: se\u00f1oras que no han podido concebir un beb\u00e9, encontrar empleos,\u00a0 descubrir la vocaci\u00f3n a la que Dios llama, alcanzar la salud de enfermedades cr\u00f3nicas o dolorosas, superar penas o preocupaciones cotidianas\u2026<\/span><\/p>\t\t\t\t\t\t\t\t<\/div>\n\t\t\t\t<\/div>\n\t\t\t\t\t<\/div>\n\t\t<\/div>\n\t\t\t\t\t<\/div>\n\t\t<\/section>\n\t\t\t\t<section class=\"elementor-section elementor-top-section elementor-element elementor-element-a63b247 elementor-section-stretched elementor-section-boxed elementor-section-height-default elementor-section-height-default parallax_section_no qode_elementor_container_no\" data-id=\"a63b247\" data-element_type=\"section\" data-e-type=\"section\" data-settings=\"{&quot;stretch_section&quot;:&quot;section-stretched&quot;,&quot;background_background&quot;:&quot;classic&quot;}\">\n\t\t\t\t\t\t\t<div class=\"elementor-background-overlay\"><\/div>\n\t\t\t\t\t\t\t<div class=\"elementor-container elementor-column-gap-default\">\n\t\t\t\t\t<div class=\"elementor-column elementor-col-50 elementor-top-column elementor-element elementor-element-e128b77\" data-id=\"e128b77\" data-element_type=\"column\" data-e-type=\"column\">\n\t\t\t<div class=\"elementor-widget-wrap elementor-element-populated\">\n\t\t\t\t\t\t<div class=\"elementor-element elementor-element-1db0d6b elementor-widget elementor-widget-heading\" data-id=\"1db0d6b\" data-element_type=\"widget\" data-e-type=\"widget\" data-widget_type=\"heading.default\">\n\t\t\t\t<div class=\"elementor-widget-container\">\n\t\t\t\t\t<h2 class=\"elementor-heading-title elementor-size-default\">\u00bfCu\u00e1les son las caracter\u00edsticas de su espiritualidad?<\/h2>\t\t\t\t<\/div>\n\t\t\t\t<\/div>\n\t\t\t\t<div class=\"elementor-element elementor-element-7707571 elementor-widget elementor-widget-text-editor\" data-id=\"7707571\" data-element_type=\"widget\" data-e-type=\"widget\" data-widget_type=\"text-editor.default\">\n\t\t\t\t<div class=\"elementor-widget-container\">\n\t\t\t\t\t\t\t\t\t<p>En la espiritualidad de la Sierva de Dios Martha de la Inmaculada destacan ciertas caracter\u00edsticas como: su gran amor a Dios y al pr\u00f3jimo por Dios, su especial amor y devoci\u00f3n a la Virgen Mar\u00eda, ten\u00eda un alma sacerdotal capaz de ofrendar todo lo que hac\u00eda por la santificaci\u00f3n de los sacerdotes y por la salvaci\u00f3n de las almas, trabaj\u00f3 por llevar las almas a Dios a trav\u00e9s de la educaci\u00f3n formal (escuela), de charlas o pl\u00e1ticas tanto para los j\u00f3venes como para los padres de familia; su preocupaci\u00f3n por formar el coraz\u00f3n de las mujeres para formar hogares cat\u00f3licos, su atenci\u00f3n educada y delicada por cada persona con quien trataba, sin hacer distinciones; su humildad y sencillez en su modo de vivir; su pureza de alma dejaba ver la acci\u00f3n de Dios en ella. Es decir, hizo extraordinario lo ordinario de su vida, por amor a Dios y a la Inmaculada.<\/p>\t\t\t\t\t\t\t\t<\/div>\n\t\t\t\t<\/div>\n\t\t\t\t\t<\/div>\n\t\t<\/div>\n\t\t\t\t<div class=\"elementor-column elementor-col-50 elementor-top-column elementor-element elementor-element-ab72498\" data-id=\"ab72498\" data-element_type=\"column\" data-e-type=\"column\">\n\t\t\t<div class=\"elementor-widget-wrap elementor-element-populated\">\n\t\t\t\t\t\t<div class=\"elementor-element elementor-element-6297ad7 elementor-widget elementor-widget-image\" data-id=\"6297ad7\" data-element_type=\"widget\" data-e-type=\"widget\" data-widget_type=\"image.default\">\n\t\t\t\t<div class=\"elementor-widget-container\">\n\t\t\t\t\t\t\t\t\t\t\t\t\t\t\t<img loading=\"lazy\" decoding=\"async\" width=\"992\" height=\"929\" src=\"https:\/\/hermanasdelaveracruz.avir.consulting\/wp-content\/uploads\/2021\/10\/NM_del-poster-2.png\" class=\"attachment-full size-full wp-image-1941\" alt=\"\" srcset=\"https:\/\/hermanasdelaveracruz.avir.consulting\/wp-content\/uploads\/2021\/10\/NM_del-poster-2.png 992w, https:\/\/hermanasdelaveracruz.avir.consulting\/wp-content\/uploads\/2021\/10\/NM_del-poster-2-300x281.png 300w, https:\/\/hermanasdelaveracruz.avir.consulting\/wp-content\/uploads\/2021\/10\/NM_del-poster-2-768x719.png 768w, https:\/\/hermanasdelaveracruz.avir.consulting\/wp-content\/uploads\/2021\/10\/NM_del-poster-2-700x656.png 700w\" sizes=\"(max-width: 992px) 100vw, 992px\" \/>\t\t\t\t\t\t\t\t\t\t\t\t\t\t\t<\/div>\n\t\t\t\t<\/div>\n\t\t\t\t\t<\/div>\n\t\t<\/div>\n\t\t\t\t\t<\/div>\n\t\t<\/section>\n\t\t\t\t<section class=\"elementor-section elementor-top-section elementor-element elementor-element-3f6141f elementor-section-stretched elementor-section-boxed elementor-section-height-default elementor-section-height-default parallax_section_no qode_elementor_container_no\" data-id=\"3f6141f\" data-element_type=\"section\" data-e-type=\"section\" data-settings=\"{&quot;stretch_section&quot;:&quot;section-stretched&quot;}\">\n\t\t\t\t\t\t\t<div class=\"elementor-background-overlay\"><\/div>\n\t\t\t\t\t\t\t<div class=\"elementor-container elementor-column-gap-default\">\n\t\t\t\t\t<div class=\"elementor-column elementor-col-50 elementor-top-column elementor-element elementor-element-3ba12d4\" data-id=\"3ba12d4\" data-element_type=\"column\" data-e-type=\"column\">\n\t\t\t<div class=\"elementor-widget-wrap elementor-element-populated\">\n\t\t\t\t\t\t<div class=\"elementor-element elementor-element-c5d6118 elementor-widget elementor-widget-image\" data-id=\"c5d6118\" data-element_type=\"widget\" data-e-type=\"widget\" data-widget_type=\"image.default\">\n\t\t\t\t<div class=\"elementor-widget-container\">\n\t\t\t\t\t\t\t\t\t\t\t\t\t\t\t<img loading=\"lazy\" decoding=\"async\" width=\"2916\" height=\"1630\" src=\"https:\/\/hermanasdelaveracruz.avir.consulting\/wp-content\/uploads\/2021\/10\/Captura-de-Pantalla-2021-10-17-a-las-3.10.44.png\" class=\"attachment-full size-full wp-image-2045\" alt=\"\" srcset=\"https:\/\/hermanasdelaveracruz.avir.consulting\/wp-content\/uploads\/2021\/10\/Captura-de-Pantalla-2021-10-17-a-las-3.10.44.png 2916w, https:\/\/hermanasdelaveracruz.avir.consulting\/wp-content\/uploads\/2021\/10\/Captura-de-Pantalla-2021-10-17-a-las-3.10.44-300x168.png 300w, https:\/\/hermanasdelaveracruz.avir.consulting\/wp-content\/uploads\/2021\/10\/Captura-de-Pantalla-2021-10-17-a-las-3.10.44-1024x572.png 1024w, https:\/\/hermanasdelaveracruz.avir.consulting\/wp-content\/uploads\/2021\/10\/Captura-de-Pantalla-2021-10-17-a-las-3.10.44-768x429.png 768w, https:\/\/hermanasdelaveracruz.avir.consulting\/wp-content\/uploads\/2021\/10\/Captura-de-Pantalla-2021-10-17-a-las-3.10.44-1536x859.png 1536w, https:\/\/hermanasdelaveracruz.avir.consulting\/wp-content\/uploads\/2021\/10\/Captura-de-Pantalla-2021-10-17-a-las-3.10.44-2048x1145.png 2048w, https:\/\/hermanasdelaveracruz.avir.consulting\/wp-content\/uploads\/2021\/10\/Captura-de-Pantalla-2021-10-17-a-las-3.10.44-700x391.png 700w\" sizes=\"(max-width: 2916px) 100vw, 2916px\" \/>\t\t\t\t\t\t\t\t\t\t\t\t\t\t\t<\/div>\n\t\t\t\t<\/div>\n\t\t\t\t\t<\/div>\n\t\t<\/div>\n\t\t\t\t<div class=\"elementor-column elementor-col-50 elementor-top-column elementor-element elementor-element-9615b2d\" data-id=\"9615b2d\" data-element_type=\"column\" data-e-type=\"column\">\n\t\t\t<div class=\"elementor-widget-wrap elementor-element-populated\">\n\t\t\t\t\t\t<div class=\"elementor-element elementor-element-c73d972 elementor-widget elementor-widget-heading\" data-id=\"c73d972\" data-element_type=\"widget\" data-e-type=\"widget\" data-widget_type=\"heading.default\">\n\t\t\t\t<div class=\"elementor-widget-container\">\n\t\t\t\t\t<h2 class=\"elementor-heading-title elementor-size-default\">LA SIERVA DE DIOS MARTHA CHRISTLIEB ES 1 DE LAS 8 CAUSAS DE LA FAMILIA DE LA CRUZ<\/h2>\t\t\t\t<\/div>\n\t\t\t\t<\/div>\n\t\t\t\t<div class=\"elementor-element elementor-element-42e2442 elementor-widget elementor-widget-text-editor\" data-id=\"42e2442\" data-element_type=\"widget\" data-e-type=\"widget\" data-widget_type=\"text-editor.default\">\n\t\t\t\t<div class=\"elementor-widget-container\">\n\t\t\t\t\t\t\t\t\t<p>Conoce a los dem\u00e1s candidatos: Conchita Cabrera de Armida, F\u00e9lix de Jes\u00fas Rougier, Ram\u00f3n Ibarra y Gonz\u00e1lez, Pablo Mar\u00eda Guzm\u00e1n, Alfonso P\u00e9rez Larios, Mois\u00e9s Lira Seraf\u00edn y Ana Mar\u00eda G\u00f3mez Campos.<\/p>\t\t\t\t\t\t\t\t<\/div>\n\t\t\t\t<\/div>\n\t\t\t\t<div class=\"elementor-element elementor-element-6805ff0 elementor-widget elementor-widget-button\" data-id=\"6805ff0\" data-element_type=\"widget\" data-e-type=\"widget\" data-widget_type=\"button.default\">\n\t\t\t\t<div class=\"elementor-widget-container\">\n\t\t\t\t\t\t\t\t\t<div class=\"elementor-button-wrapper\">\n\t\t\t\t\t<a class=\"elementor-button elementor-button-link elementor-size-sm\" href=\"http:\/\/www.causascanonizacion.org\/\">\n\t\t\t\t\t\t<span class=\"elementor-button-content-wrapper\">\n\t\t\t\t\t\t\t\t\t<span class=\"elementor-button-text\">Conoce m\u00e1s de las causas de canonizaci\u00f3n<\/span>\n\t\t\t\t\t<\/span>\n\t\t\t\t\t<\/a>\n\t\t\t\t<\/div>\n\t\t\t\t\t\t\t\t<\/div>\n\t\t\t\t<\/div>\n\t\t\t\t<div class=\"elementor-element elementor-element-d7e0125 elementor-widget elementor-widget-button\" data-id=\"d7e0125\" data-element_type=\"widget\" data-e-type=\"widget\" data-widget_type=\"button.default\">\n\t\t\t\t<div class=\"elementor-widget-container\">\n\t\t\t\t\t\t\t\t\t<div class=\"elementor-button-wrapper\">\n\t\t\t\t\t<a class=\"elementor-button elementor-button-link elementor-size-sm\" href=\"https:\/\/www.marthadelainmaculada.org\/\">\n\t\t\t\t\t\t<span class=\"elementor-button-content-wrapper\">\n\t\t\t\t\t\t\t\t\t<span class=\"elementor-button-text\">P\u00e1gina oficial de la MadreMartha Christlieb <\/span>\n\t\t\t\t\t<\/span>\n\t\t\t\t\t<\/a>\n\t\t\t\t<\/div>\n\t\t\t\t\t\t\t\t<\/div>\n\t\t\t\t<\/div>\n\t\t\t\t\t<\/div>\n\t\t<\/div>\n\t\t\t\t\t<\/div>\n\t\t<\/section>\n\t\t\t\t<section class=\"elementor-section elementor-top-section elementor-element elementor-element-10dbb228 elementor-section-stretched elementor-section-boxed elementor-section-height-default elementor-section-height-default parallax_section_no qode_elementor_container_no\" data-id=\"10dbb228\" data-element_type=\"section\" data-e-type=\"section\" data-settings=\"{&quot;background_background&quot;:&quot;classic&quot;,&quot;shape_divider_top&quot;:&quot;curve&quot;,&quot;shape_divider_top_negative&quot;:&quot;yes&quot;,&quot;stretch_section&quot;:&quot;section-stretched&quot;}\">\n\t\t\t\t\t\t\t<div class=\"elementor-background-overlay\"><\/div>\n\t\t\t\t\t\t<div class=\"elementor-shape elementor-shape-top\" aria-hidden=\"true\" data-negative=\"true\">\n\t\t\t<svg xmlns=\"http:\/\/www.w3.org\/2000\/svg\" viewBox=\"0 0 1000 100\" preserveAspectRatio=\"none\">\n\t<path class=\"elementor-shape-fill\" d=\"M500,97C126.7,96.3,0.8,19.8,0,0v100l1000,0V1C1000,19.4,873.3,97.8,500,97z\"\/>\n<\/svg>\t\t<\/div>\n\t\t\t\t\t<div class=\"elementor-container elementor-column-gap-default\">\n\t\t\t\t\t<div class=\"elementor-column elementor-col-50 elementor-top-column elementor-element elementor-element-54741ae4\" data-id=\"54741ae4\" data-element_type=\"column\" data-e-type=\"column\">\n\t\t\t<div class=\"elementor-widget-wrap elementor-element-populated\">\n\t\t\t\t\t\t<div class=\"elementor-element elementor-element-903a784 elementor-widget elementor-widget-video\" data-id=\"903a784\" data-element_type=\"widget\" data-e-type=\"widget\" data-settings=\"{&quot;youtube_url&quot;:&quot;https:\\\/\\\/youtu.be\\\/1hgXYiM3w9Q&quot;,&quot;video_type&quot;:&quot;youtube&quot;,&quot;controls&quot;:&quot;yes&quot;}\" data-widget_type=\"video.default\">\n\t\t\t\t<div class=\"elementor-widget-container\">\n\t\t\t\t\t\t\t<div class=\"elementor-wrapper elementor-open-inline\">\n\t\t\t<div class=\"elementor-video\"><\/div>\t\t<\/div>\n\t\t\t\t\t\t<\/div>\n\t\t\t\t<\/div>\n\t\t\t\t\t<\/div>\n\t\t<\/div>\n\t\t\t\t<div class=\"elementor-column elementor-col-50 elementor-top-column elementor-element elementor-element-4b63070\" data-id=\"4b63070\" data-element_type=\"column\" data-e-type=\"column\">\n\t\t\t<div class=\"elementor-widget-wrap elementor-element-populated\">\n\t\t\t\t\t\t<div class=\"elementor-element elementor-element-fdbac72 elementor-widget elementor-widget-video\" data-id=\"fdbac72\" data-element_type=\"widget\" data-e-type=\"widget\" data-settings=\"{&quot;youtube_url&quot;:&quot;https:\\\/\\\/youtu.be\\\/4P_6MoKePDo&quot;,&quot;video_type&quot;:&quot;youtube&quot;,&quot;controls&quot;:&quot;yes&quot;}\" data-widget_type=\"video.default\">\n\t\t\t\t<div class=\"elementor-widget-container\">\n\t\t\t\t\t\t\t<div class=\"elementor-wrapper elementor-open-inline\">\n\t\t\t<div class=\"elementor-video\"><\/div>\t\t<\/div>\n\t\t\t\t\t\t<\/div>\n\t\t\t\t<\/div>\n\t\t\t\t\t<\/div>\n\t\t<\/div>\n\t\t\t\t\t<\/div>\n\t\t<\/section>\n\t\t\t\t<\/div>\n\t\t","protected":false},"excerpt":{"rendered":"<p>Sierva de DiosMartha Christliebde la Inmaculada Proceso de Canonizaci\u00f3n Sierva de Dios Venerable Beata o Bienaventurada Santa \u00bfEn qu\u00e9 parte del proceso de canonizaci\u00f3n est\u00e1 actualmente la causa de madre Martha? Toda causa de canonizaci\u00f3n tiene dos fases: diocesana y romana. El proceso de canonizaci\u00f3n&#8230;<\/p>\n","protected":false},"author":1,"featured_media":0,"parent":0,"menu_order":0,"comment_status":"closed","ping_status":"closed","template":"","meta":{"footnotes":""},"class_list":["post-804","page","type-page","status-publish","hentry"],"_links":{"self":[{"href":"https:\/\/hermanasdelaveracruz.avir.consulting\/index.php?rest_route=\/wp\/v2\/pages\/804"}],"collection":[{"href":"https:\/\/hermanasdelaveracruz.avir.consulting\/index.php?rest_route=\/wp\/v2\/pages"}],"about":[{"href":"https:\/\/hermanasdelaveracruz.avir.consulting\/index.php?rest_route=\/wp\/v2\/types\/page"}],"author":[{"embeddable":true,"href":"https:\/\/hermanasdelaveracruz.avir.consulting\/index.php?rest_route=\/wp\/v2\/users\/1"}],"replies":[{"embeddable":true,"href":"https:\/\/hermanasdelaveracruz.avir.consulting\/index.php?rest_route=%2Fwp%2Fv2%2Fcomments&post=804"}],"version-history":[{"count":8,"href":"https:\/\/hermanasdelaveracruz.avir.consulting\/index.php?rest_route=\/wp\/v2\/pages\/804\/revisions"}],"predecessor-version":[{"id":2557,"href":"https:\/\/hermanasdelaveracruz.avir.consulting\/index.php?rest_route=\/wp\/v2\/pages\/804\/revisions\/2557"}],"wp:attachment":[{"href":"https:\/\/hermanasdelaveracruz.avir.consulting\/index.php?rest_route=%2Fwp%2Fv2%2Fmedia&parent=804"}],"curies":[{"name":"wp","href":"https:\/\/api.w.org\/{rel}","templated":true}]}}