{"id":1452,"date":"2021-09-22T22:30:13","date_gmt":"2021-09-22T22:30:13","guid":{"rendered":"https:\/\/hermanasdelaveracruz.avir.consulting\/?page_id=1452"},"modified":"2022-05-10T20:08:25","modified_gmt":"2022-05-10T20:08:25","slug":"p-edmundo-iturbide-2","status":"publish","type":"page","link":"https:\/\/hermanasdelaveracruz.avir.consulting\/?page_id=1452","title":{"rendered":"P. Edmundo iturbide"},"content":{"rendered":"\t\t<div data-elementor-type=\"wp-page\" data-elementor-id=\"1452\" class=\"elementor elementor-1452\">\n\t\t\t\t\t\t<section class=\"elementor-section elementor-top-section elementor-element elementor-element-34b82721 elementor-section-stretched elementor-section-boxed elementor-section-height-default elementor-section-height-default parallax_section_no qode_elementor_container_no\" data-id=\"34b82721\" data-element_type=\"section\" data-e-type=\"section\" data-settings=\"{&quot;background_background&quot;:&quot;classic&quot;,&quot;stretch_section&quot;:&quot;section-stretched&quot;}\">\n\t\t\t\t\t\t\t<div class=\"elementor-background-overlay\"><\/div>\n\t\t\t\t\t\t\t<div class=\"elementor-container elementor-column-gap-default\">\n\t\t\t\t\t<div class=\"elementor-column elementor-col-100 elementor-top-column elementor-element elementor-element-7f0b11c4\" data-id=\"7f0b11c4\" data-element_type=\"column\" data-e-type=\"column\">\n\t\t\t<div class=\"elementor-widget-wrap elementor-element-populated\">\n\t\t\t\t\t\t<div class=\"elementor-element elementor-element-a10ac3c elementor-invisible elementor-widget elementor-widget-image\" data-id=\"a10ac3c\" data-element_type=\"widget\" data-e-type=\"widget\" data-settings=\"{&quot;_animation&quot;:&quot;fadeInUp&quot;}\" data-widget_type=\"image.default\">\n\t\t\t\t<div class=\"elementor-widget-container\">\n\t\t\t\t\t\t\t\t\t\t\t\t\t\t\t<img decoding=\"async\" src=\"https:\/\/hermanasdelaveracruz.avir.consulting\/wp-content\/uploads\/elementor\/thumbs\/P.-Edmundo-pdid11dlt5fzsq7p9itaxsldeu352kgi9rf1x8ixzc.png\" title=\"P. Edmundo\" alt=\"P. Edmundo\" loading=\"lazy\" \/>\t\t\t\t\t\t\t\t\t\t\t\t\t\t\t<\/div>\n\t\t\t\t<\/div>\n\t\t\t\t<div class=\"elementor-element elementor-element-75281cb6 elementor-invisible elementor-widget elementor-widget-video\" data-id=\"75281cb6\" data-element_type=\"widget\" data-e-type=\"widget\" data-settings=\"{&quot;show_image_overlay&quot;:&quot;yes&quot;,&quot;image_overlay&quot;:{&quot;url&quot;:&quot;https:\\\/\\\/hermanasdelaveracruz.avir.consulting\\\/wp-content\\\/uploads\\\/2022\\\/03\\\/Draw-my-life-madre-Edmundo.jpg&quot;,&quot;id&quot;:2527,&quot;size&quot;:&quot;&quot;,&quot;alt&quot;:&quot;&quot;,&quot;source&quot;:&quot;library&quot;},&quot;autoplay&quot;:&quot;no&quot;,&quot;youtube_url&quot;:&quot;https:\\\/\\\/youtu.be\\\/nRrSJUzoRSk&quot;,&quot;_animation&quot;:&quot;fadeIn&quot;,&quot;_animation_delay&quot;:2,&quot;video_type&quot;:&quot;youtube&quot;,&quot;controls&quot;:&quot;yes&quot;}\" data-widget_type=\"video.default\">\n\t\t\t\t<div class=\"elementor-widget-container\">\n\t\t\t\t\t\t\t<div class=\"elementor-wrapper elementor-open-inline\">\n\t\t\t<div class=\"elementor-video\"><\/div>\t\t\t\t<div class=\"elementor-custom-embed-image-overlay\" style=\"background-image: url(https:\/\/hermanasdelaveracruz.avir.consulting\/wp-content\/uploads\/2022\/03\/Draw-my-life-madre-Edmundo.jpg);\">\n\t\t\t\t\t\t\t\t\t\t\t\t\t\t\t\t<div class=\"elementor-custom-embed-play\" role=\"button\" aria-label=\"Play Video\" tabindex=\"0\">\n\t\t\t\t\t\t\t<i aria-hidden=\"true\" class=\"eicon-play\"><\/i>\t\t\t\t\t\t<\/div>\n\t\t\t\t\t\t\t\t\t<\/div>\n\t\t\t\t\t<\/div>\n\t\t\t\t\t\t<\/div>\n\t\t\t\t<\/div>\n\t\t\t\t\t<\/div>\n\t\t<\/div>\n\t\t\t\t\t<\/div>\n\t\t<\/section>\n\t\t\t\t<section class=\"elementor-section elementor-top-section elementor-element elementor-element-7269e436 elementor-section-boxed elementor-section-height-default elementor-section-height-default parallax_section_no qode_elementor_container_no elementor-invisible\" data-id=\"7269e436\" data-element_type=\"section\" data-e-type=\"section\" data-settings=\"{&quot;background_background&quot;:&quot;gradient&quot;,&quot;animation&quot;:&quot;fadeInDown&quot;}\">\n\t\t\t\t\t\t<div class=\"elementor-container elementor-column-gap-default\">\n\t\t\t\t\t<div class=\"elementor-column elementor-col-100 elementor-top-column elementor-element elementor-element-79086d83\" data-id=\"79086d83\" data-element_type=\"column\" data-e-type=\"column\">\n\t\t\t<div class=\"elementor-widget-wrap elementor-element-populated\">\n\t\t\t\t\t\t<div class=\"elementor-element elementor-element-2cb32346 elementor-widget elementor-widget-heading\" data-id=\"2cb32346\" data-element_type=\"widget\" data-e-type=\"widget\" data-widget_type=\"heading.default\">\n\t\t\t\t<div class=\"elementor-widget-container\">\n\t\t\t\t\t<h3 class=\"elementor-heading-title elementor-size-large\">Nuestro Padre Fundador<\/h3>\t\t\t\t<\/div>\n\t\t\t\t<\/div>\n\t\t\t\t\t<\/div>\n\t\t<\/div>\n\t\t\t\t\t<\/div>\n\t\t<\/section>\n\t\t\t\t<section class=\"elementor-section elementor-top-section elementor-element elementor-element-56e5b331 elementor-section-content-middle elementor-section-full_width elementor-section-height-default elementor-section-height-default parallax_section_no qode_elementor_container_no\" data-id=\"56e5b331\" data-element_type=\"section\" data-e-type=\"section\">\n\t\t\t\t\t\t<div class=\"elementor-container elementor-column-gap-default\">\n\t\t\t\t\t<div class=\"elementor-column elementor-col-50 elementor-top-column elementor-element elementor-element-73e43ee0\" data-id=\"73e43ee0\" data-element_type=\"column\" data-e-type=\"column\">\n\t\t\t<div class=\"elementor-widget-wrap elementor-element-populated\">\n\t\t\t\t\t\t<div class=\"elementor-element elementor-element-f33282c elementor-widget elementor-widget-text-editor\" data-id=\"f33282c\" data-element_type=\"widget\" data-e-type=\"widget\" data-widget_type=\"text-editor.default\">\n\t\t\t\t<div class=\"elementor-widget-container\">\n\t\t\t\t\t\t\t\t\t<p><span style=\"font-weight: 400;\">Nace en Morelia, Michoac\u00e1n el 20 de diciembre de 1900. Hijo de Jos\u00e9 Iturbide y de Celine Reygondaud. Fue el menor de 3 hermanos e hijo p\u00f3stumo.<\/span><\/p><p><span style=\"font-weight: 400;\">Recibi\u00f3 el<strong> bautismo <\/strong>el 24 de diciembre de 1900, la <strong>confirmaci\u00f3n<\/strong> el 30 de agosto de 1903 e <strong>hizo su Primera Comuni\u00f3n <\/strong>el 3 de junio de 1910.<\/span><\/p>\t\t\t\t\t\t\t\t<\/div>\n\t\t\t\t<\/div>\n\t\t\t\t\t<\/div>\n\t\t<\/div>\n\t\t\t\t<div class=\"elementor-column elementor-col-50 elementor-top-column elementor-element elementor-element-3fb0ff92\" data-id=\"3fb0ff92\" data-element_type=\"column\" data-e-type=\"column\">\n\t\t\t<div class=\"elementor-widget-wrap elementor-element-populated\">\n\t\t\t\t\t\t<div class=\"elementor-element elementor-element-7d171052 elementor-widget elementor-widget-image\" data-id=\"7d171052\" data-element_type=\"widget\" data-e-type=\"widget\" data-widget_type=\"image.default\">\n\t\t\t\t<div class=\"elementor-widget-container\">\n\t\t\t\t\t\t\t\t\t\t\t\t\t\t\t<img fetchpriority=\"high\" decoding=\"async\" width=\"689\" height=\"477\" src=\"https:\/\/hermanasdelaveracruz.avir.consulting\/wp-content\/uploads\/2021\/09\/P.-Edmundo-bebe.jpg\" class=\"attachment-full size-full wp-image-1529\" alt=\"\" srcset=\"https:\/\/hermanasdelaveracruz.avir.consulting\/wp-content\/uploads\/2021\/09\/P.-Edmundo-bebe.jpg 689w, https:\/\/hermanasdelaveracruz.avir.consulting\/wp-content\/uploads\/2021\/09\/P.-Edmundo-bebe-300x208.jpg 300w\" sizes=\"(max-width: 689px) 100vw, 689px\" \/>\t\t\t\t\t\t\t\t\t\t\t\t\t\t\t<\/div>\n\t\t\t\t<\/div>\n\t\t\t\t\t<\/div>\n\t\t<\/div>\n\t\t\t\t\t<\/div>\n\t\t<\/section>\n\t\t\t\t<section class=\"elementor-section elementor-top-section elementor-element elementor-element-60e4e2b3 elementor-section-content-middle elementor-reverse-mobile elementor-section-full_width elementor-section-height-default elementor-section-height-default parallax_section_no qode_elementor_container_no\" data-id=\"60e4e2b3\" data-element_type=\"section\" data-e-type=\"section\">\n\t\t\t\t\t\t<div class=\"elementor-container elementor-column-gap-default\">\n\t\t\t\t\t<div class=\"elementor-column elementor-col-50 elementor-top-column elementor-element elementor-element-45c8a570\" data-id=\"45c8a570\" data-element_type=\"column\" data-e-type=\"column\">\n\t\t\t<div class=\"elementor-widget-wrap elementor-element-populated\">\n\t\t\t\t\t\t<div class=\"elementor-element elementor-element-1c5b7013 elementor-widget elementor-widget-image\" data-id=\"1c5b7013\" data-element_type=\"widget\" data-e-type=\"widget\" data-widget_type=\"image.default\">\n\t\t\t\t<div class=\"elementor-widget-container\">\n\t\t\t\t\t\t\t\t\t\t\t\t\t\t\t<img decoding=\"async\" width=\"689\" height=\"477\" src=\"https:\/\/hermanasdelaveracruz.avir.consulting\/wp-content\/uploads\/2021\/09\/novicio-p-edmundo.jpg\" class=\"attachment-full size-full wp-image-1536\" alt=\"\" srcset=\"https:\/\/hermanasdelaveracruz.avir.consulting\/wp-content\/uploads\/2021\/09\/novicio-p-edmundo.jpg 689w, https:\/\/hermanasdelaveracruz.avir.consulting\/wp-content\/uploads\/2021\/09\/novicio-p-edmundo-300x208.jpg 300w\" sizes=\"(max-width: 689px) 100vw, 689px\" \/>\t\t\t\t\t\t\t\t\t\t\t\t\t\t\t<\/div>\n\t\t\t\t<\/div>\n\t\t\t\t\t<\/div>\n\t\t<\/div>\n\t\t\t\t<div class=\"elementor-column elementor-col-50 elementor-top-column elementor-element elementor-element-6f177237\" data-id=\"6f177237\" data-element_type=\"column\" data-e-type=\"column\">\n\t\t\t<div class=\"elementor-widget-wrap elementor-element-populated\">\n\t\t\t\t\t\t<div class=\"elementor-element elementor-element-7a8a8653 elementor-widget elementor-widget-text-editor\" data-id=\"7a8a8653\" data-element_type=\"widget\" data-e-type=\"widget\" data-widget_type=\"text-editor.default\">\n\t\t\t\t<div class=\"elementor-widget-container\">\n\t\t\t\t\t\t\t\t\t<p><span style=\"font-weight: 400;\">A los 17 a\u00f1os conoce al R.P. F\u00e9lix de Jes\u00fas Rougier que le dice: \u201cEl esp\u00edritu Santo le quiere todo suyo\u2026Jes\u00fas quiere que sea ap\u00f3stol, su ap\u00f3stol y conquistador de miles de almas que le deber\u00e1n la felicidad eterna\u201d. El 6 de mayo de 1920 hace su <strong>profesi\u00f3n religiosa<\/strong> como <strong>Misionero del Esp\u00edritu Santo(msps)<\/strong>, el 19 de abril de 1924 recibe la <strong>Ordenaci\u00f3n Sacerdotal<\/strong> y al d\u00eda siguiente celebra su primera misa en la Bas\u00edlica de Nuestra Se\u00f1ora de Guadalupe.<\/span><\/p>\t\t\t\t\t\t\t\t<\/div>\n\t\t\t\t<\/div>\n\t\t\t\t\t<\/div>\n\t\t<\/div>\n\t\t\t\t\t<\/div>\n\t\t<\/section>\n\t\t\t\t<section class=\"elementor-section elementor-top-section elementor-element elementor-element-367a8c7c elementor-section-content-middle elementor-section-full_width elementor-section-height-default elementor-section-height-default parallax_section_no qode_elementor_container_no\" data-id=\"367a8c7c\" data-element_type=\"section\" data-e-type=\"section\" data-settings=\"{&quot;background_background&quot;:&quot;classic&quot;}\">\n\t\t\t\t\t\t<div class=\"elementor-container elementor-column-gap-default\">\n\t\t\t\t\t<div class=\"elementor-column elementor-col-50 elementor-top-column elementor-element elementor-element-71a42482\" data-id=\"71a42482\" data-element_type=\"column\" data-e-type=\"column\">\n\t\t\t<div class=\"elementor-widget-wrap elementor-element-populated\">\n\t\t\t\t\t\t<div class=\"elementor-element elementor-element-674b2526 elementor-widget elementor-widget-text-editor\" data-id=\"674b2526\" data-element_type=\"widget\" data-e-type=\"widget\" data-widget_type=\"text-editor.default\">\n\t\t\t\t<div class=\"elementor-widget-container\">\n\t\t\t\t\t\t\t\t\t<p><strong>Fund\u00f3 a las Misioneras de Jes\u00fas Sacerdote y a las Hermanas de la Vera Cruz Hijas de la Iglesia.<\/strong><\/p><p><span style=\"font-weight: 400;\">Fue un sacerdote enamorado de Dios, de la santa Misa, de Mar\u00eda Sant\u00edsima, de la Iglesia e hijo fiel del vicario de Cristo; era prudente, alegre, pronto al servicio y caritativo.<\/span><\/p><p>\u00a0<\/p>\t\t\t\t\t\t\t\t<\/div>\n\t\t\t\t<\/div>\n\t\t\t\t\t<\/div>\n\t\t<\/div>\n\t\t\t\t<div class=\"elementor-column elementor-col-50 elementor-top-column elementor-element elementor-element-60917188\" data-id=\"60917188\" data-element_type=\"column\" data-e-type=\"column\">\n\t\t\t<div class=\"elementor-widget-wrap elementor-element-populated\">\n\t\t\t\t\t\t<div class=\"elementor-element elementor-element-e927790 elementor-widget elementor-widget-image\" data-id=\"e927790\" data-element_type=\"widget\" data-e-type=\"widget\" data-widget_type=\"image.default\">\n\t\t\t\t<div class=\"elementor-widget-container\">\n\t\t\t\t\t\t\t\t\t\t\t\t\t\t\t<img decoding=\"async\" width=\"689\" height=\"477\" src=\"https:\/\/hermanasdelaveracruz.avir.consulting\/wp-content\/uploads\/2021\/09\/p.-con-ls-hermnas.jpg\" class=\"attachment-full size-full wp-image-1546\" alt=\"\" srcset=\"https:\/\/hermanasdelaveracruz.avir.consulting\/wp-content\/uploads\/2021\/09\/p.-con-ls-hermnas.jpg 689w, https:\/\/hermanasdelaveracruz.avir.consulting\/wp-content\/uploads\/2021\/09\/p.-con-ls-hermnas-300x208.jpg 300w\" sizes=\"(max-width: 689px) 100vw, 689px\" \/>\t\t\t\t\t\t\t\t\t\t\t\t\t\t\t<\/div>\n\t\t\t\t<\/div>\n\t\t\t\t\t<\/div>\n\t\t<\/div>\n\t\t\t\t\t<\/div>\n\t\t<\/section>\n\t\t\t\t<section class=\"elementor-section elementor-top-section elementor-element elementor-element-f18eeda elementor-section-content-middle elementor-reverse-mobile elementor-section-full_width elementor-section-height-default elementor-section-height-default parallax_section_no qode_elementor_container_no\" data-id=\"f18eeda\" data-element_type=\"section\" data-e-type=\"section\">\n\t\t\t\t\t\t<div class=\"elementor-container elementor-column-gap-default\">\n\t\t\t\t\t<div class=\"elementor-column elementor-col-50 elementor-top-column elementor-element elementor-element-a4b48ad\" data-id=\"a4b48ad\" data-element_type=\"column\" data-e-type=\"column\">\n\t\t\t<div class=\"elementor-widget-wrap elementor-element-populated\">\n\t\t\t\t\t\t<div class=\"elementor-element elementor-element-4b693c3 elementor-widget elementor-widget-image\" data-id=\"4b693c3\" data-element_type=\"widget\" data-e-type=\"widget\" data-widget_type=\"image.default\">\n\t\t\t\t<div class=\"elementor-widget-container\">\n\t\t\t\t\t\t\t\t\t\t\t\t\t\t\t<img loading=\"lazy\" decoding=\"async\" width=\"689\" height=\"477\" src=\"https:\/\/hermanasdelaveracruz.avir.consulting\/wp-content\/uploads\/2021\/11\/tumba-de-np.jpg\" class=\"attachment-full size-full wp-image-2317\" alt=\"\" srcset=\"https:\/\/hermanasdelaveracruz.avir.consulting\/wp-content\/uploads\/2021\/11\/tumba-de-np.jpg 689w, https:\/\/hermanasdelaveracruz.avir.consulting\/wp-content\/uploads\/2021\/11\/tumba-de-np-300x208.jpg 300w\" sizes=\"(max-width: 689px) 100vw, 689px\" \/>\t\t\t\t\t\t\t\t\t\t\t\t\t\t\t<\/div>\n\t\t\t\t<\/div>\n\t\t\t\t\t<\/div>\n\t\t<\/div>\n\t\t\t\t<div class=\"elementor-column elementor-col-50 elementor-top-column elementor-element elementor-element-125a5ff\" data-id=\"125a5ff\" data-element_type=\"column\" data-e-type=\"column\">\n\t\t\t<div class=\"elementor-widget-wrap elementor-element-populated\">\n\t\t\t\t\t\t<div class=\"elementor-element elementor-element-d73ffd1 elementor-widget elementor-widget-text-editor\" data-id=\"d73ffd1\" data-element_type=\"widget\" data-e-type=\"widget\" data-widget_type=\"text-editor.default\">\n\t\t\t\t<div class=\"elementor-widget-container\">\n\t\t\t\t\t\t\t\t\t<p><span style=\"font-weight: 400;\">Invit\u00f3 a vivir la frase del ap\u00f3stol San Pablo: \u201cCon nadie teng\u00e1is otra deuda que la del amor mutuo\u201d.<\/span><\/p><p><em><strong>El 23 de diciembre de 1974 fue llamado a la casa del Padre.<\/strong><\/em><\/p>\t\t\t\t\t\t\t\t<\/div>\n\t\t\t\t<\/div>\n\t\t\t\t\t<\/div>\n\t\t<\/div>\n\t\t\t\t\t<\/div>\n\t\t<\/section>\n\t\t\t\t<\/div>\n\t\t","protected":false},"excerpt":{"rendered":"<p>Nuestro Padre Fundador Nace en Morelia, Michoac\u00e1n el 20 de diciembre de 1900. Hijo de Jos\u00e9 Iturbide y de Celine Reygondaud. Fue el menor de 3 hermanos e hijo p\u00f3stumo. Recibi\u00f3 el bautismo el 24 de diciembre de 1900, la confirmaci\u00f3n el 30 de agosto&#8230;<\/p>\n","protected":false},"author":1,"featured_media":0,"parent":0,"menu_order":0,"comment_status":"closed","ping_status":"closed","template":"","meta":{"footnotes":""},"class_list":["post-1452","page","type-page","status-publish","hentry"],"_links":{"self":[{"href":"https:\/\/hermanasdelaveracruz.avir.consulting\/index.php?rest_route=\/wp\/v2\/pages\/1452"}],"collection":[{"href":"https:\/\/hermanasdelaveracruz.avir.consulting\/index.php?rest_route=\/wp\/v2\/pages"}],"about":[{"href":"https:\/\/hermanasdelaveracruz.avir.consulting\/index.php?rest_route=\/wp\/v2\/types\/page"}],"author":[{"embeddable":true,"href":"https:\/\/hermanasdelaveracruz.avir.consulting\/index.php?rest_route=\/wp\/v2\/users\/1"}],"replies":[{"embeddable":true,"href":"https:\/\/hermanasdelaveracruz.avir.consulting\/index.php?rest_route=%2Fwp%2Fv2%2Fcomments&post=1452"}],"version-history":[{"count":5,"href":"https:\/\/hermanasdelaveracruz.avir.consulting\/index.php?rest_route=\/wp\/v2\/pages\/1452\/revisions"}],"predecessor-version":[{"id":2537,"href":"https:\/\/hermanasdelaveracruz.avir.consulting\/index.php?rest_route=\/wp\/v2\/pages\/1452\/revisions\/2537"}],"wp:attachment":[{"href":"https:\/\/hermanasdelaveracruz.avir.consulting\/index.php?rest_route=%2Fwp%2Fv2%2Fmedia&parent=1452"}],"curies":[{"name":"wp","href":"https:\/\/api.w.org\/{rel}","templated":true}]}}