{"id":1426,"date":"2021-09-22T22:01:06","date_gmt":"2021-09-22T22:01:06","guid":{"rendered":"https:\/\/hermanasdelaveracruz.avir.consulting\/?page_id=1426"},"modified":"2024-10-27T23:01:25","modified_gmt":"2024-10-27T23:01:25","slug":"familia-de-la-cruz","status":"publish","type":"page","link":"https:\/\/hermanasdelaveracruz.avir.consulting\/?page_id=1426","title":{"rendered":"Familia de la cruz 1"},"content":{"rendered":"\t\t<div data-elementor-type=\"wp-page\" data-elementor-id=\"1426\" class=\"elementor elementor-1426\">\n\t\t\t\t\t\t<section class=\"elementor-section elementor-top-section elementor-element elementor-element-4f223155 elementor-section-full_width elementor-section-stretched elementor-section-height-default elementor-section-height-default parallax_section_no qode_elementor_container_no\" data-id=\"4f223155\" data-element_type=\"section\" data-e-type=\"section\" data-settings=\"{&quot;background_background&quot;:&quot;gradient&quot;,&quot;shape_divider_bottom&quot;:&quot;opacity-tilt&quot;,&quot;stretch_section&quot;:&quot;section-stretched&quot;}\">\n\t\t\t\t\t\t\t<div class=\"elementor-background-overlay\"><\/div>\n\t\t\t\t\t\t<div class=\"elementor-shape elementor-shape-bottom\" aria-hidden=\"true\" data-negative=\"false\">\n\t\t\t<svg xmlns=\"http:\/\/www.w3.org\/2000\/svg\" viewBox=\"0 0 2600 131.1\" preserveAspectRatio=\"none\">\n\t<path class=\"elementor-shape-fill\" d=\"M0 0L2600 0 2600 69.1 0 0z\"\/>\n\t<path class=\"elementor-shape-fill\" style=\"opacity:0.5\" d=\"M0 0L2600 0 2600 69.1 0 69.1z\"\/>\n\t<path class=\"elementor-shape-fill\" style=\"opacity:0.25\" d=\"M2600 0L0 0 0 130.1 2600 69.1z\"\/>\n<\/svg>\t\t<\/div>\n\t\t\t\t\t<div class=\"elementor-container elementor-column-gap-custom\">\n\t\t\t\t\t<div class=\"elementor-column elementor-col-100 elementor-top-column elementor-element elementor-element-40c956c8\" data-id=\"40c956c8\" data-element_type=\"column\" data-e-type=\"column\">\n\t\t\t<div class=\"elementor-widget-wrap elementor-element-populated\">\n\t\t\t\t\t\t<div class=\"elementor-element elementor-element-6e54ec48 elementor-widget elementor-widget-heading\" data-id=\"6e54ec48\" data-element_type=\"widget\" data-e-type=\"widget\" data-widget_type=\"heading.default\">\n\t\t\t\t<div class=\"elementor-widget-container\">\n\t\t\t\t\t<p class=\"elementor-heading-title elementor-size-default\">Pertenecemos a la familia de la Cruz<\/p>\t\t\t\t<\/div>\n\t\t\t\t<\/div>\n\t\t\t\t<div class=\"elementor-element elementor-element-11255c8 elementor-widget elementor-widget-heading\" data-id=\"11255c8\" data-element_type=\"widget\" data-e-type=\"widget\" data-widget_type=\"heading.default\">\n\t\t\t\t<div class=\"elementor-widget-container\">\n\t\t\t\t\t<h2 class=\"elementor-heading-title elementor-size-default\">Hermanas de la Vera Cruz Hijas de la Iglesia<\/h2>\t\t\t\t<\/div>\n\t\t\t\t<\/div>\n\t\t\t\t\t<\/div>\n\t\t<\/div>\n\t\t\t\t\t<\/div>\n\t\t<\/section>\n\t\t\t\t<section class=\"elementor-section elementor-top-section elementor-element elementor-element-7eebe54d elementor-section-full_width elementor-section-height-default elementor-section-height-default parallax_section_no qode_elementor_container_no\" data-id=\"7eebe54d\" data-element_type=\"section\" data-e-type=\"section\">\n\t\t\t\t\t\t<div class=\"elementor-container elementor-column-gap-default\">\n\t\t\t\t\t<div class=\"elementor-column elementor-col-100 elementor-top-column elementor-element elementor-element-4e49dd02\" data-id=\"4e49dd02\" data-element_type=\"column\" data-e-type=\"column\">\n\t\t\t<div class=\"elementor-widget-wrap elementor-element-populated\">\n\t\t\t\t\t\t<div class=\"elementor-element elementor-element-892634b elementor-widget elementor-widget-image\" data-id=\"892634b\" data-element_type=\"widget\" data-e-type=\"widget\" data-widget_type=\"image.default\">\n\t\t\t\t<div class=\"elementor-widget-container\">\n\t\t\t\t\t\t\t\t\t\t\t\t\t\t\t<img fetchpriority=\"high\" decoding=\"async\" width=\"1024\" height=\"765\" src=\"https:\/\/hermanasdelaveracruz.avir.consulting\/wp-content\/uploads\/2021\/09\/FAMILIA-D-ELA-CRUZ-copia-1024x765.jpg\" class=\"attachment-large size-large wp-image-1442\" alt=\"\" srcset=\"https:\/\/hermanasdelaveracruz.avir.consulting\/wp-content\/uploads\/2021\/09\/FAMILIA-D-ELA-CRUZ-copia-1024x765.jpg 1024w, https:\/\/hermanasdelaveracruz.avir.consulting\/wp-content\/uploads\/2021\/09\/FAMILIA-D-ELA-CRUZ-copia-300x224.jpg 300w, https:\/\/hermanasdelaveracruz.avir.consulting\/wp-content\/uploads\/2021\/09\/FAMILIA-D-ELA-CRUZ-copia-768x574.jpg 768w, https:\/\/hermanasdelaveracruz.avir.consulting\/wp-content\/uploads\/2021\/09\/FAMILIA-D-ELA-CRUZ-copia-700x523.jpg 700w, https:\/\/hermanasdelaveracruz.avir.consulting\/wp-content\/uploads\/2021\/09\/FAMILIA-D-ELA-CRUZ-copia.jpg 1280w\" sizes=\"(max-width: 1024px) 100vw, 1024px\" \/>\t\t\t\t\t\t\t\t\t\t\t\t\t\t\t<\/div>\n\t\t\t\t<\/div>\n\t\t\t\t<div class=\"elementor-element elementor-element-2f762e5f elementor-widget elementor-widget-heading\" data-id=\"2f762e5f\" data-element_type=\"widget\" data-e-type=\"widget\" data-widget_type=\"heading.default\">\n\t\t\t\t<div class=\"elementor-widget-container\">\n\t\t\t\t\t<h2 class=\"elementor-heading-title elementor-size-default\">La Espiritualidad de la Cruz <br>\nimita a Cristo - ense\u00f1a a vivir<\/h2>\t\t\t\t<\/div>\n\t\t\t\t<\/div>\n\t\t\t\t<div class=\"elementor-element elementor-element-28681d9d elementor-widget elementor-widget-text-editor\" data-id=\"28681d9d\" data-element_type=\"widget\" data-e-type=\"widget\" data-widget_type=\"text-editor.default\">\n\t\t\t\t<div class=\"elementor-widget-container\">\n\t\t\t\t\t\t\t\t\t<p>Todas las espiritualidades son una manera de vivir la vida cristiana y se distinguen entre s\u00ed por el aspecto del misterio del Se\u00f1or que cada una acent\u00faa en su seguimiento. Nace como una iniciativa amorosa de Dios para continuar su proyecto de salvaci\u00f3n frente a las necesidades hist\u00f3ricas del hombre.<\/p>\t\t\t\t\t\t\t\t<\/div>\n\t\t\t\t<\/div>\n\t\t\t\t\t<\/div>\n\t\t<\/div>\n\t\t\t\t\t<\/div>\n\t\t<\/section>\n\t\t\t\t<section class=\"elementor-section elementor-top-section elementor-element elementor-element-0e2e3c7 elementor-section-full_width elementor-section-height-default elementor-section-height-default parallax_section_no qode_elementor_container_no\" data-id=\"0e2e3c7\" data-element_type=\"section\" data-e-type=\"section\">\n\t\t\t\t\t\t\t<div class=\"elementor-background-overlay\"><\/div>\n\t\t\t\t\t\t\t<div class=\"elementor-container elementor-column-gap-default\">\n\t\t\t\t\t<div class=\"elementor-column elementor-col-50 elementor-top-column elementor-element elementor-element-6d73985\" data-id=\"6d73985\" data-element_type=\"column\" data-e-type=\"column\">\n\t\t\t<div class=\"elementor-widget-wrap elementor-element-populated\">\n\t\t\t\t\t\t<div class=\"elementor-element elementor-element-63283b7d elementor-widget elementor-widget-text-editor\" data-id=\"63283b7d\" data-element_type=\"widget\" data-e-type=\"widget\" data-widget_type=\"text-editor.default\">\n\t\t\t\t<div class=\"elementor-widget-container\">\n\t\t\t\t\t\t\t\t\t<p><strong>La Espiritualidad de la Cruz contempla, vive y transmite a Jes\u00fas en su aspecto de Sacerdote y V\u00edctima y se expresa en la siguiente formulaci\u00f3n:<\/strong><\/p><p>\u00a0<\/p><p><strong>Por voluntad divina hemos sido llamados a participar por el bautismo del sacerdocio com\u00fan de los fieles siguiendo a Cristo, Sacerdote y Victima, en su sacrificio por amor, enfatizando su fidelidad al Padre y su solidaridad salv\u00edfica con el hermano; y con Mar\u00eda lo ofrecemos y nos ofrecemos con \u00c9l al Padre, sobre todo en la Eucarist\u00eda, para extender el Reinado del Esp\u00edritu Santo en la salvaci\u00f3n de los hombres, la santificaci\u00f3n de la Iglesia, especialmente la de los sacerdotes, y as\u00ed reciba consuelo el coraz\u00f3n de Cristo para la gloria de Dios Padre.<\/strong><\/p><p><br \/>El objetivo supremo que la Espiritualidad de la Cruz pretende alcanzar en todo el proceso de identificaci\u00f3n con Cristo es: &#8220;educar al Cristiano para que se deje transformar en salvador con Cristo y pueda realizar la misi\u00f3n de Jes\u00fas&#8221;.<\/p><p><br \/>La Espiritualidad de la Cruz, como otras espiritualidades, tiene su lema, su grito de salvaci\u00f3n, mediante el cual se anima para seguir a Jes\u00fas, ser fiel a su misi\u00f3n y cumplir con su compromiso de transformaci\u00f3n en Jes\u00fas.<\/p>\t\t\t\t\t\t\t\t<\/div>\n\t\t\t\t<\/div>\n\t\t\t\t\t<\/div>\n\t\t<\/div>\n\t\t\t\t<div class=\"elementor-column elementor-col-50 elementor-top-column elementor-element elementor-element-5ed67d65\" data-id=\"5ed67d65\" data-element_type=\"column\" data-e-type=\"column\">\n\t\t\t<div class=\"elementor-widget-wrap elementor-element-populated\">\n\t\t\t\t\t\t<div class=\"elementor-element elementor-element-08756f6 elementor-widget elementor-widget-image\" data-id=\"08756f6\" data-element_type=\"widget\" data-e-type=\"widget\" data-widget_type=\"image.default\">\n\t\t\t\t<div class=\"elementor-widget-container\">\n\t\t\t\t\t\t\t\t\t\t\t\t\t\t\t<img decoding=\"async\" width=\"600\" height=\"800\" src=\"https:\/\/hermanasdelaveracruz.avir.consulting\/wp-content\/uploads\/2021\/09\/formandos-fam-cruz-2-600x800.jpg\" class=\"attachment-portfolio-portrait size-portfolio-portrait wp-image-1450\" alt=\"\" \/>\t\t\t\t\t\t\t\t\t\t\t\t\t\t\t<\/div>\n\t\t\t\t<\/div>\n\t\t\t\t\t<\/div>\n\t\t<\/div>\n\t\t\t\t\t<\/div>\n\t\t<\/section>\n\t\t\t\t<section class=\"elementor-section elementor-top-section elementor-element elementor-element-36cd933f elementor-section-full_width elementor-section-height-min-height elementor-section-stretched elementor-section-height-default elementor-section-items-middle parallax_section_no qode_elementor_container_no\" data-id=\"36cd933f\" data-element_type=\"section\" data-e-type=\"section\" data-settings=\"{&quot;background_background&quot;:&quot;classic&quot;,&quot;stretch_section&quot;:&quot;section-stretched&quot;}\">\n\t\t\t\t\t\t<div class=\"elementor-container elementor-column-gap-default\">\n\t\t\t\t\t<div class=\"elementor-column elementor-col-100 elementor-top-column elementor-element elementor-element-78a30ce4\" data-id=\"78a30ce4\" data-element_type=\"column\" data-e-type=\"column\">\n\t\t\t<div class=\"elementor-widget-wrap elementor-element-populated\">\n\t\t\t\t\t\t<div class=\"elementor-element elementor-element-49f3e6f6 elementor-widget-divider--view-line elementor-widget elementor-widget-divider\" data-id=\"49f3e6f6\" data-element_type=\"widget\" data-e-type=\"widget\" data-widget_type=\"divider.default\">\n\t\t\t\t<div class=\"elementor-widget-container\">\n\t\t\t\t\t\t\t<div class=\"elementor-divider\">\n\t\t\t<span class=\"elementor-divider-separator\">\n\t\t\t\t\t\t<\/span>\n\t\t<\/div>\n\t\t\t\t\t\t<\/div>\n\t\t\t\t<\/div>\n\t\t\t\t<div class=\"elementor-element elementor-element-55eee58d elementor-widget elementor-widget-spacer\" data-id=\"55eee58d\" data-element_type=\"widget\" data-e-type=\"widget\" data-widget_type=\"spacer.default\">\n\t\t\t\t<div class=\"elementor-widget-container\">\n\t\t\t\t\t\t\t<div class=\"elementor-spacer\">\n\t\t\t<div class=\"elementor-spacer-inner\"><\/div>\n\t\t<\/div>\n\t\t\t\t\t\t<\/div>\n\t\t\t\t<\/div>\n\t\t\t\t<div class=\"elementor-element elementor-element-4fe2495 elementor-widget elementor-widget-heading\" data-id=\"4fe2495\" data-element_type=\"widget\" data-e-type=\"widget\" data-widget_type=\"heading.default\">\n\t\t\t\t<div class=\"elementor-widget-container\">\n\t\t\t\t\t<h3 class=\"elementor-heading-title elementor-size-default\">\u00a1Jes\u00fas salvador de los hombres!\n\u00a1 s\u00e1lvalos!  \u00a1 s\u00e1lvalos!<\/h3>\t\t\t\t<\/div>\n\t\t\t\t<\/div>\n\t\t\t\t\t<\/div>\n\t\t<\/div>\n\t\t\t\t\t<\/div>\n\t\t<\/section>\n\t\t\t\t<section class=\"elementor-section elementor-top-section elementor-element elementor-element-61ec3f6 elementor-section-boxed elementor-section-height-default elementor-section-height-default parallax_section_no qode_elementor_container_no\" data-id=\"61ec3f6\" data-element_type=\"section\" data-e-type=\"section\">\n\t\t\t\t\t\t<div class=\"elementor-container elementor-column-gap-default\">\n\t\t\t\t\t<div class=\"elementor-column elementor-col-50 elementor-top-column elementor-element elementor-element-ff3a368\" data-id=\"ff3a368\" data-element_type=\"column\" data-e-type=\"column\">\n\t\t\t<div class=\"elementor-widget-wrap elementor-element-populated\">\n\t\t\t\t\t\t<div class=\"elementor-element elementor-element-e05b295 elementor-widget elementor-widget-image\" data-id=\"e05b295\" data-element_type=\"widget\" data-e-type=\"widget\" data-widget_type=\"image.default\">\n\t\t\t\t<div class=\"elementor-widget-container\">\n\t\t\t\t\t\t\t\t\t\t\t\t\t\t\t<img decoding=\"async\" width=\"740\" height=\"470\" src=\"https:\/\/hermanasdelaveracruz.avir.consulting\/wp-content\/uploads\/2021\/11\/IMG-20190504-WA0050_2.jpg\" class=\"attachment-large size-large wp-image-2321\" alt=\"\" srcset=\"https:\/\/hermanasdelaveracruz.avir.consulting\/wp-content\/uploads\/2021\/11\/IMG-20190504-WA0050_2.jpg 740w, https:\/\/hermanasdelaveracruz.avir.consulting\/wp-content\/uploads\/2021\/11\/IMG-20190504-WA0050_2-300x191.jpg 300w, https:\/\/hermanasdelaveracruz.avir.consulting\/wp-content\/uploads\/2021\/11\/IMG-20190504-WA0050_2-700x445.jpg 700w\" sizes=\"(max-width: 740px) 100vw, 740px\" \/>\t\t\t\t\t\t\t\t\t\t\t\t\t\t\t<\/div>\n\t\t\t\t<\/div>\n\t\t\t\t\t<\/div>\n\t\t<\/div>\n\t\t\t\t<div class=\"elementor-column elementor-col-50 elementor-top-column elementor-element elementor-element-de29f98\" data-id=\"de29f98\" data-element_type=\"column\" data-e-type=\"column\">\n\t\t\t<div class=\"elementor-widget-wrap elementor-element-populated\">\n\t\t\t\t\t\t<div class=\"elementor-element elementor-element-01d6436 elementor-widget elementor-widget-heading\" data-id=\"01d6436\" data-element_type=\"widget\" data-e-type=\"widget\" data-widget_type=\"heading.default\">\n\t\t\t\t<div class=\"elementor-widget-container\">\n\t\t\t\t\t<h2 class=\"elementor-heading-title elementor-size-default\">Cuando decimos \u201cEspiritualidad de la Cruz\u201d nos referimos a la espiritualidad que, por gracia de Dios, vivi\u00f3 y transmiti\u00f3 Concepci\u00f3n Cabrera. Tiene como centro el seguimiento de Jesucristo sacerdote y v\u00edctima, y est\u00e1 simbolizada en la Cruz del Apostolado. Esta espiritualidad no es para un grupo o una asociaci\u00f3n; es para todo el Pueblo de Dios.<\/h2>\t\t\t\t<\/div>\n\t\t\t\t<\/div>\n\t\t\t\t\t<\/div>\n\t\t<\/div>\n\t\t\t\t\t<\/div>\n\t\t<\/section>\n\t\t\t\t<section class=\"elementor-section elementor-top-section elementor-element elementor-element-6f435e5 elementor-section-full_width elementor-section-height-default elementor-section-height-default parallax_section_no qode_elementor_container_no\" data-id=\"6f435e5\" data-element_type=\"section\" data-e-type=\"section\">\n\t\t\t\t\t\t<div class=\"elementor-container elementor-column-gap-default\">\n\t\t\t\t\t<div class=\"elementor-column elementor-col-100 elementor-top-column elementor-element elementor-element-154abaf\" data-id=\"154abaf\" data-element_type=\"column\" data-e-type=\"column\">\n\t\t\t<div class=\"elementor-widget-wrap elementor-element-populated\">\n\t\t\t\t\t\t<div class=\"elementor-element elementor-element-07b920f elementor-widget elementor-widget-text-editor\" data-id=\"07b920f\" data-element_type=\"widget\" data-e-type=\"widget\" data-widget_type=\"text-editor.default\">\n\t\t\t\t<div class=\"elementor-widget-container\">\n\t\t\t\t\t\t\t\t\t<p>La Beata Conchita Cabrera de Armida tuvo la visi\u00f3n de la Cruz del Apostolado, emblema de las Obras de la Cruz que fund\u00f3 con la ayuda e intervenci\u00f3n de diversos religiosos, entre ellos, el Venerable P. F\u00e9lix de Jes\u00fas Rougier y Monse\u00f1or Ram\u00f3n Ibarra y Gonz\u00e1lez, Primer Arzobispo de Puebla.<\/p><p>Del encuentro fecundo de la Se\u00f1ora <strong>Concepci\u00f3n Cabrera<\/strong> y el <strong>Padre F\u00e9lix<\/strong> <strong>Rougier <\/strong>nacen los Misioneros del Esp\u00edritu Santo, de donde se desprenden las Hermanas de la Vera Cruz Hijas de la Iglesia. \u00a0<\/p>\t\t\t\t\t\t\t\t<\/div>\n\t\t\t\t<\/div>\n\t\t\t\t\t<\/div>\n\t\t<\/div>\n\t\t\t\t\t<\/div>\n\t\t<\/section>\n\t\t\t\t<section class=\"elementor-section elementor-top-section elementor-element elementor-element-eedc632 elementor-section-boxed elementor-section-height-default elementor-section-height-default parallax_section_no qode_elementor_container_no\" data-id=\"eedc632\" data-element_type=\"section\" data-e-type=\"section\">\n\t\t\t\t\t\t<div class=\"elementor-container elementor-column-gap-default\">\n\t\t\t\t\t<div class=\"elementor-column elementor-col-100 elementor-top-column elementor-element elementor-element-af3c43a\" data-id=\"af3c43a\" data-element_type=\"column\" data-e-type=\"column\">\n\t\t\t<div class=\"elementor-widget-wrap elementor-element-populated\">\n\t\t\t\t\t\t<div class=\"elementor-element elementor-element-d588dcd elementor-widget elementor-widget-image\" data-id=\"d588dcd\" data-element_type=\"widget\" data-e-type=\"widget\" data-widget_type=\"image.default\">\n\t\t\t\t<div class=\"elementor-widget-container\">\n\t\t\t\t\t\t\t\t\t\t\t\t\t\t\t<img loading=\"lazy\" decoding=\"async\" width=\"1024\" height=\"576\" src=\"https:\/\/hermanasdelaveracruz.avir.consulting\/wp-content\/uploads\/2021\/09\/feliz-y-conchita-1024x576.jpg\" class=\"attachment-large size-large wp-image-1462\" alt=\"\" srcset=\"https:\/\/hermanasdelaveracruz.avir.consulting\/wp-content\/uploads\/2021\/09\/feliz-y-conchita-1024x576.jpg 1024w, https:\/\/hermanasdelaveracruz.avir.consulting\/wp-content\/uploads\/2021\/09\/feliz-y-conchita-300x169.jpg 300w, https:\/\/hermanasdelaveracruz.avir.consulting\/wp-content\/uploads\/2021\/09\/feliz-y-conchita-768x432.jpg 768w, https:\/\/hermanasdelaveracruz.avir.consulting\/wp-content\/uploads\/2021\/09\/feliz-y-conchita-700x394.jpg 700w, https:\/\/hermanasdelaveracruz.avir.consulting\/wp-content\/uploads\/2021\/09\/feliz-y-conchita-539x303.jpg 539w, https:\/\/hermanasdelaveracruz.avir.consulting\/wp-content\/uploads\/2021\/09\/feliz-y-conchita.jpg 1280w\" sizes=\"(max-width: 1024px) 100vw, 1024px\" \/>\t\t\t\t\t\t\t\t\t\t\t\t\t\t\t<\/div>\n\t\t\t\t<\/div>\n\t\t\t\t\t<\/div>\n\t\t<\/div>\n\t\t\t\t\t<\/div>\n\t\t<\/section>\n\t\t\t\t<section class=\"elementor-section elementor-top-section elementor-element elementor-element-b8ccfe4 elementor-section-full_width elementor-section-height-default elementor-section-height-default parallax_section_no qode_elementor_container_no\" data-id=\"b8ccfe4\" data-element_type=\"section\" data-e-type=\"section\">\n\t\t\t\t\t\t<div class=\"elementor-container elementor-column-gap-default\">\n\t\t\t\t\t<div class=\"elementor-column elementor-col-100 elementor-top-column elementor-element elementor-element-c24d235\" data-id=\"c24d235\" data-element_type=\"column\" data-e-type=\"column\">\n\t\t\t<div class=\"elementor-widget-wrap elementor-element-populated\">\n\t\t\t\t\t\t<div class=\"elementor-element elementor-element-59f4524 elementor-widget elementor-widget-text-editor\" data-id=\"59f4524\" data-element_type=\"widget\" data-e-type=\"widget\" data-widget_type=\"text-editor.default\">\n\t\t\t\t<div class=\"elementor-widget-container\">\n\t\t\t\t\t\t\t\t\t<p>Despu\u00e9s de la muerte de Padre F\u00e9lix Rougier Fundador y primer Superior General de los Misioneros del Esp\u00edritu Santo queda como sucesor el Padre Edmundo Iturbide Reygondaud, hijo muy amado de su coraz\u00f3n por compartir los inicios de la Congregaci\u00f3n, adem\u00e1s de un gran celo por la salvaci\u00f3n de las almas, la Iglesia, el sacerdocio y Mar\u00eda Sant\u00edsima. Es el mismo padre F\u00e9lix es el que en nombre de Cristo lo invita a ingresar como Misionero del Esp\u00edritu Santo.<\/p>\t\t\t\t\t\t\t\t<\/div>\n\t\t\t\t<\/div>\n\t\t\t\t\t<\/div>\n\t\t<\/div>\n\t\t\t\t\t<\/div>\n\t\t<\/section>\n\t\t\t\t<section class=\"elementor-section elementor-top-section elementor-element elementor-element-c71f22a elementor-section-full_width elementor-section-height-full elementor-section-stretched parallax_section_holder elementor-section-height-default elementor-section-items-middle qode_elementor_container_no\" data-id=\"c71f22a\" data-element_type=\"section\" data-e-type=\"section\" data-settings=\"{&quot;stretch_section&quot;:&quot;section-stretched&quot;,&quot;background_background&quot;:&quot;slideshow&quot;,&quot;background_slideshow_gallery&quot;:[{&quot;id&quot;:1469,&quot;url&quot;:&quot;https:\\\/\\\/hermanasdelaveracruz.avir.consulting\\\/wp-content\\\/uploads\\\/2021\\\/09\\\/Padre-Edmundo-y-Felix.jpg&quot;}],&quot;shape_divider_top&quot;:&quot;opacity-tilt&quot;,&quot;shape_divider_bottom&quot;:&quot;opacity-tilt&quot;,&quot;background_slideshow_loop&quot;:&quot;yes&quot;,&quot;background_slideshow_slide_duration&quot;:5000,&quot;background_slideshow_slide_transition&quot;:&quot;fade&quot;,&quot;background_slideshow_transition_duration&quot;:500,&quot;qode_parallax_image&quot;:{&quot;url&quot;:&quot;&quot;,&quot;id&quot;:&quot;&quot;,&quot;size&quot;:&quot;&quot;}}\">\n\t\t\t\t\t<div class=\"elementor-shape elementor-shape-top\" aria-hidden=\"true\" data-negative=\"false\">\n\t\t\t<svg xmlns=\"http:\/\/www.w3.org\/2000\/svg\" viewBox=\"0 0 2600 131.1\" preserveAspectRatio=\"none\">\n\t<path class=\"elementor-shape-fill\" d=\"M0 0L2600 0 2600 69.1 0 0z\"\/>\n\t<path class=\"elementor-shape-fill\" style=\"opacity:0.5\" d=\"M0 0L2600 0 2600 69.1 0 69.1z\"\/>\n\t<path class=\"elementor-shape-fill\" style=\"opacity:0.25\" d=\"M2600 0L0 0 0 130.1 2600 69.1z\"\/>\n<\/svg>\t\t<\/div>\n\t\t\t\t<div class=\"elementor-shape elementor-shape-bottom\" aria-hidden=\"true\" data-negative=\"false\">\n\t\t\t<svg xmlns=\"http:\/\/www.w3.org\/2000\/svg\" viewBox=\"0 0 2600 131.1\" preserveAspectRatio=\"none\">\n\t<path class=\"elementor-shape-fill\" d=\"M0 0L2600 0 2600 69.1 0 0z\"\/>\n\t<path class=\"elementor-shape-fill\" style=\"opacity:0.5\" d=\"M0 0L2600 0 2600 69.1 0 69.1z\"\/>\n\t<path class=\"elementor-shape-fill\" style=\"opacity:0.25\" d=\"M2600 0L0 0 0 130.1 2600 69.1z\"\/>\n<\/svg>\t\t<\/div>\n\t\t\t\t\t<div class=\"elementor-container elementor-column-gap-default\">\n\t\t\t\t\t<div class=\"elementor-column elementor-col-100 elementor-top-column elementor-element elementor-element-14f81f9\" data-id=\"14f81f9\" data-element_type=\"column\" data-e-type=\"column\">\n\t\t\t<div class=\"elementor-widget-wrap\">\n\t\t\t\t\t\t\t<\/div>\n\t\t<\/div>\n\t\t\t\t\t<\/div>\n\t\t<\/section>\n\t\t\t\t<section class=\"elementor-section elementor-top-section elementor-element elementor-element-3c1be2c elementor-section-stretched elementor-section-boxed elementor-section-height-default elementor-section-height-default parallax_section_no qode_elementor_container_no\" data-id=\"3c1be2c\" data-element_type=\"section\" data-e-type=\"section\" data-settings=\"{&quot;stretch_section&quot;:&quot;section-stretched&quot;,&quot;shape_divider_top&quot;:&quot;opacity-tilt&quot;,&quot;shape_divider_bottom&quot;:&quot;opacity-tilt&quot;}\">\n\t\t\t\t\t\t\t<div class=\"elementor-background-overlay\"><\/div>\n\t\t\t\t\t\t<div class=\"elementor-shape elementor-shape-top\" aria-hidden=\"true\" data-negative=\"false\">\n\t\t\t<svg xmlns=\"http:\/\/www.w3.org\/2000\/svg\" viewBox=\"0 0 2600 131.1\" preserveAspectRatio=\"none\">\n\t<path class=\"elementor-shape-fill\" d=\"M0 0L2600 0 2600 69.1 0 0z\"\/>\n\t<path class=\"elementor-shape-fill\" style=\"opacity:0.5\" d=\"M0 0L2600 0 2600 69.1 0 69.1z\"\/>\n\t<path class=\"elementor-shape-fill\" style=\"opacity:0.25\" d=\"M2600 0L0 0 0 130.1 2600 69.1z\"\/>\n<\/svg>\t\t<\/div>\n\t\t\t\t<div class=\"elementor-shape elementor-shape-bottom\" aria-hidden=\"true\" data-negative=\"false\">\n\t\t\t<svg xmlns=\"http:\/\/www.w3.org\/2000\/svg\" viewBox=\"0 0 2600 131.1\" preserveAspectRatio=\"none\">\n\t<path class=\"elementor-shape-fill\" d=\"M0 0L2600 0 2600 69.1 0 0z\"\/>\n\t<path class=\"elementor-shape-fill\" style=\"opacity:0.5\" d=\"M0 0L2600 0 2600 69.1 0 69.1z\"\/>\n\t<path class=\"elementor-shape-fill\" style=\"opacity:0.25\" d=\"M2600 0L0 0 0 130.1 2600 69.1z\"\/>\n<\/svg>\t\t<\/div>\n\t\t\t\t\t<div class=\"elementor-container elementor-column-gap-default\">\n\t\t\t\t\t<div class=\"elementor-column elementor-col-50 elementor-top-column elementor-element elementor-element-b326a37\" data-id=\"b326a37\" data-element_type=\"column\" data-e-type=\"column\">\n\t\t\t<div class=\"elementor-widget-wrap elementor-element-populated\">\n\t\t\t\t\t\t<div class=\"elementor-element elementor-element-f5574cb elementor-widget elementor-widget-text-editor\" data-id=\"f5574cb\" data-element_type=\"widget\" data-e-type=\"widget\" data-widget_type=\"text-editor.default\">\n\t\t\t\t<div class=\"elementor-widget-container\">\n\t\t\t\t\t\t\t\t\t<p>La semilla de esta hermosa espiritualidad de la Cruz empieza a dar frutos en la iglesia:<\/p><p>El padre Edmundo Iturbide al Igual que otros Misioneros del Esp\u00edritu Santo es llamado por el Esp\u00edritu Santo a ser fundador.<\/p><p>Funda dos congregaciones religiosas:<\/p><p>El 14 de enero de 1938 junto con la Sierva de Dios madre Dolores Echeverr\u00eda Esparza a las Misioneras de Jes\u00fas Sacerdote<\/p><p>Y el 3 de diciembre de 1952 con la Sierva de Dios madre Martha Christlieb Ibarrola de la Inmaculada a las Hermanas de la Vera Cruz Hijas de la Iglesia.<\/p>\t\t\t\t\t\t\t\t<\/div>\n\t\t\t\t<\/div>\n\t\t\t\t\t<\/div>\n\t\t<\/div>\n\t\t\t\t<div class=\"elementor-column elementor-col-50 elementor-top-column elementor-element elementor-element-359d497\" data-id=\"359d497\" data-element_type=\"column\" data-e-type=\"column\">\n\t\t\t<div class=\"elementor-widget-wrap elementor-element-populated\">\n\t\t\t\t\t\t<div class=\"elementor-element elementor-element-e33606b elementor-widget elementor-widget-image\" data-id=\"e33606b\" data-element_type=\"widget\" data-e-type=\"widget\" data-widget_type=\"image.default\">\n\t\t\t\t<div class=\"elementor-widget-container\">\n\t\t\t\t\t\t\t\t\t\t\t\t\t\t\t<img loading=\"lazy\" decoding=\"async\" width=\"868\" height=\"540\" src=\"https:\/\/hermanasdelaveracruz.avir.consulting\/wp-content\/uploads\/2021\/09\/nuestro-padre-copia.jpg\" class=\"attachment-full size-full wp-image-1192\" alt=\"\" srcset=\"https:\/\/hermanasdelaveracruz.avir.consulting\/wp-content\/uploads\/2021\/09\/nuestro-padre-copia.jpg 868w, https:\/\/hermanasdelaveracruz.avir.consulting\/wp-content\/uploads\/2021\/09\/nuestro-padre-copia-300x187.jpg 300w, https:\/\/hermanasdelaveracruz.avir.consulting\/wp-content\/uploads\/2021\/09\/nuestro-padre-copia-768x478.jpg 768w, https:\/\/hermanasdelaveracruz.avir.consulting\/wp-content\/uploads\/2021\/09\/nuestro-padre-copia-700x435.jpg 700w\" sizes=\"(max-width: 868px) 100vw, 868px\" \/>\t\t\t\t\t\t\t\t\t\t\t\t\t\t\t<\/div>\n\t\t\t\t<\/div>\n\t\t\t\t\t<\/div>\n\t\t<\/div>\n\t\t\t\t\t<\/div>\n\t\t<\/section>\n\t\t\t\t<section class=\"elementor-section elementor-top-section elementor-element elementor-element-05b1d23 elementor-section-boxed elementor-section-height-default elementor-section-height-default parallax_section_no qode_elementor_container_no\" data-id=\"05b1d23\" data-element_type=\"section\" data-e-type=\"section\">\n\t\t\t\t\t\t<div class=\"elementor-container elementor-column-gap-default\">\n\t\t\t\t\t<div class=\"elementor-column elementor-col-50 elementor-top-column elementor-element elementor-element-ad02c0b\" data-id=\"ad02c0b\" data-element_type=\"column\" data-e-type=\"column\">\n\t\t\t<div class=\"elementor-widget-wrap elementor-element-populated\">\n\t\t\t\t\t\t<div class=\"elementor-element elementor-element-f2a4c6b elementor-widget elementor-widget-image\" data-id=\"f2a4c6b\" data-element_type=\"widget\" data-e-type=\"widget\" data-widget_type=\"image.default\">\n\t\t\t\t<div class=\"elementor-widget-container\">\n\t\t\t\t\t\t\t\t\t\t\t\t\t\t\t<img loading=\"lazy\" decoding=\"async\" width=\"640\" height=\"518\" src=\"https:\/\/hermanasdelaveracruz.avir.consulting\/wp-content\/uploads\/2021\/09\/causas.jpg\" class=\"attachment-large size-large wp-image-1470\" alt=\"\" srcset=\"https:\/\/hermanasdelaveracruz.avir.consulting\/wp-content\/uploads\/2021\/09\/causas.jpg 640w, https:\/\/hermanasdelaveracruz.avir.consulting\/wp-content\/uploads\/2021\/09\/causas-300x243.jpg 300w\" sizes=\"(max-width: 640px) 100vw, 640px\" \/>\t\t\t\t\t\t\t\t\t\t\t\t\t\t\t<\/div>\n\t\t\t\t<\/div>\n\t\t\t\t\t<\/div>\n\t\t<\/div>\n\t\t\t\t<div class=\"elementor-column elementor-col-50 elementor-top-column elementor-element elementor-element-b52e61d\" data-id=\"b52e61d\" data-element_type=\"column\" data-e-type=\"column\">\n\t\t\t<div class=\"elementor-widget-wrap elementor-element-populated\">\n\t\t\t\t\t\t<div class=\"elementor-element elementor-element-5b637e0 elementor-widget elementor-widget-text-editor\" data-id=\"5b637e0\" data-element_type=\"widget\" data-e-type=\"widget\" data-widget_type=\"text-editor.default\">\n\t\t\t\t<div class=\"elementor-widget-container\">\n\t\t\t\t\t\t\t\t\t<p>Dios sigue bendiciendo esta obra que \u00c9l\u00a0 inici\u00f3 y sembr\u00f3 en los corazones de hombres y mujeres que decidieron abrazar su voluntad para ofrecerse como v\u00edctimas de amor en favor de la humanidad, en favor de sus hermanos.<\/p><p>Despu\u00e9s de su muerte se ha cosechado el fruto que han dejado con su ejemplo y testimonio de vida y se presentan al mundo entero para ser testigos de esperanza y amor de Dios.<\/p>\t\t\t\t\t\t\t\t<\/div>\n\t\t\t\t<\/div>\n\t\t\t\t\t<\/div>\n\t\t<\/div>\n\t\t\t\t\t<\/div>\n\t\t<\/section>\n\t\t\t\t<section class=\"elementor-section elementor-top-section elementor-element elementor-element-72362c0 elementor-section-full_width elementor-section-height-default elementor-section-height-default parallax_section_no qode_elementor_container_no\" data-id=\"72362c0\" data-element_type=\"section\" data-e-type=\"section\">\n\t\t\t\t\t\t<div class=\"elementor-container elementor-column-gap-default\">\n\t\t\t\t\t<div class=\"elementor-column elementor-col-100 elementor-top-column elementor-element elementor-element-6c7d96b\" data-id=\"6c7d96b\" data-element_type=\"column\" data-e-type=\"column\">\n\t\t\t<div class=\"elementor-widget-wrap elementor-element-populated\">\n\t\t\t\t\t\t<div class=\"elementor-element elementor-element-31e81c5 elementor-widget elementor-widget-text-editor\" data-id=\"31e81c5\" data-element_type=\"widget\" data-e-type=\"widget\" data-widget_type=\"text-editor.default\">\n\t\t\t\t<div class=\"elementor-widget-container\">\n\t\t\t\t\t\t\t\t\t<p>Concepci\u00f3n Cabrera, F\u00e9lix Rougier, Mois\u00e9s Lira, Alfonso P\u00e9rez, Ana Mar\u00eda G\u00f3mez, Martha Christlieb, Pablo Mar\u00eda Guzm\u00e1n, Mons. Ram\u00f3n Ibarra<\/p>\t\t\t\t\t\t\t\t<\/div>\n\t\t\t\t<\/div>\n\t\t\t\t\t<\/div>\n\t\t<\/div>\n\t\t\t\t\t<\/div>\n\t\t<\/section>\n\t\t\t\t<section class=\"elementor-section elementor-top-section elementor-element elementor-element-358059b elementor-section-full_width elementor-section-height-default elementor-section-height-default parallax_section_no qode_elementor_container_no\" data-id=\"358059b\" data-element_type=\"section\" data-e-type=\"section\">\n\t\t\t\t\t\t<div class=\"elementor-container elementor-column-gap-default\">\n\t\t\t\t\t<div class=\"elementor-column elementor-col-100 elementor-top-column elementor-element elementor-element-1dece32\" data-id=\"1dece32\" data-element_type=\"column\" data-e-type=\"column\">\n\t\t\t<div class=\"elementor-widget-wrap elementor-element-populated\">\n\t\t\t\t\t\t<div class=\"elementor-element elementor-element-c781e34 elementor-widget elementor-widget-heading\" data-id=\"c781e34\" data-element_type=\"widget\" data-e-type=\"widget\" data-widget_type=\"heading.default\">\n\t\t\t\t<div class=\"elementor-widget-container\">\n\t\t\t\t\t<h2 class=\"elementor-heading-title elementor-size-default\">Y a\u00fan hay m\u00e1s, conoce las 18 Instituciones que conformamos\nla Familia de la Cruz\n<\/h2>\t\t\t\t<\/div>\n\t\t\t\t<\/div>\n\t\t\t\t\t<\/div>\n\t\t<\/div>\n\t\t\t\t\t<\/div>\n\t\t<\/section>\n\t\t\t\t<section class=\"elementor-section elementor-top-section elementor-element elementor-element-fd9f891 elementor-section-boxed elementor-section-height-default elementor-section-height-default parallax_section_no qode_elementor_container_no\" data-id=\"fd9f891\" data-element_type=\"section\" data-e-type=\"section\">\n\t\t\t\t\t\t<div class=\"elementor-container elementor-column-gap-default\">\n\t\t\t\t\t<div class=\"elementor-column elementor-col-100 elementor-top-column elementor-element elementor-element-7459354\" data-id=\"7459354\" data-element_type=\"column\" data-e-type=\"column\">\n\t\t\t<div class=\"elementor-widget-wrap elementor-element-populated\">\n\t\t\t\t\t\t<div class=\"elementor-element elementor-element-63f0f1d elementor-icon-list--layout-traditional elementor-list-item-link-full_width elementor-widget elementor-widget-icon-list\" data-id=\"63f0f1d\" data-element_type=\"widget\" data-e-type=\"widget\" data-widget_type=\"icon-list.default\">\n\t\t\t\t<div class=\"elementor-widget-container\">\n\t\t\t\t\t\t\t<ul class=\"elementor-icon-list-items\">\n\t\t\t\t\t\t\t<li class=\"elementor-icon-list-item\">\n\t\t\t\t\t\t\t\t\t\t\t<span class=\"elementor-icon-list-icon\">\n\t\t\t\t\t\t\t<i aria-hidden=\"true\" class=\"fas fa-star\"><\/i>\t\t\t\t\t\t<\/span>\n\t\t\t\t\t\t\t\t\t\t<span class=\"elementor-icon-list-text\">1.\tAlianza de amor del Sagrado Coraz\u00f3n de Jes\u00fas<\/span>\n\t\t\t\t\t\t\t\t\t<\/li>\n\t\t\t\t\t\t\t\t<li class=\"elementor-icon-list-item\">\n\t\t\t\t\t\t\t\t\t\t\t<span class=\"elementor-icon-list-icon\">\n\t\t\t\t\t\t\t<i aria-hidden=\"true\" class=\"fas fa-star\"><\/i>\t\t\t\t\t\t<\/span>\n\t\t\t\t\t\t\t\t\t\t<span class=\"elementor-icon-list-text\">2.\tApostolado de la Cruz<\/span>\n\t\t\t\t\t\t\t\t\t<\/li>\n\t\t\t\t\t\t\t\t<li class=\"elementor-icon-list-item\">\n\t\t\t\t\t\t\t\t\t\t\t<span class=\"elementor-icon-list-icon\">\n\t\t\t\t\t\t\t<i aria-hidden=\"true\" class=\"fas fa-star\"><\/i>\t\t\t\t\t\t<\/span>\n\t\t\t\t\t\t\t\t\t\t<span class=\"elementor-icon-list-text\">3.\tCirculo del Esp\u00edritu Santo y de la Cruz<\/span>\n\t\t\t\t\t\t\t\t\t<\/li>\n\t\t\t\t\t\t\t\t<li class=\"elementor-icon-list-item\">\n\t\t\t\t\t\t\t\t\t\t\t<span class=\"elementor-icon-list-icon\">\n\t\t\t\t\t\t\t<i aria-hidden=\"true\" class=\"fas fa-star\"><\/i>\t\t\t\t\t\t<\/span>\n\t\t\t\t\t\t\t\t\t\t<span class=\"elementor-icon-list-text\">4. Misioneros del Esp\u00edritu Santo<\/span>\n\t\t\t\t\t\t\t\t\t<\/li>\n\t\t\t\t\t\t\t\t<li class=\"elementor-icon-list-item\">\n\t\t\t\t\t\t\t\t\t\t\t<span class=\"elementor-icon-list-icon\">\n\t\t\t\t\t\t\t<i aria-hidden=\"true\" class=\"fas fa-star\"><\/i>\t\t\t\t\t\t<\/span>\n\t\t\t\t\t\t\t\t\t\t<span class=\"elementor-icon-list-text\">5.\tHermanas de la Vera Cruz Hijas de la Iglesia<\/span>\n\t\t\t\t\t\t\t\t\t<\/li>\n\t\t\t\t\t\t\t\t<li class=\"elementor-icon-list-item\">\n\t\t\t\t\t\t\t\t\t\t\t<span class=\"elementor-icon-list-icon\">\n\t\t\t\t\t\t\t<i aria-hidden=\"true\" class=\"fas fa-star\"><\/i>\t\t\t\t\t\t<\/span>\n\t\t\t\t\t\t\t\t\t\t<span class=\"elementor-icon-list-text\">6.\tHijas del Esp\u00edritu Santo<\/span>\n\t\t\t\t\t\t\t\t\t<\/li>\n\t\t\t\t\t\t\t\t<li class=\"elementor-icon-list-item\">\n\t\t\t\t\t\t\t\t\t\t\t<span class=\"elementor-icon-list-icon\">\n\t\t\t\t\t\t\t<i aria-hidden=\"true\" class=\"fas fa-star\"><\/i>\t\t\t\t\t\t<\/span>\n\t\t\t\t\t\t\t\t\t\t<span class=\"elementor-icon-list-text\">7.\tMisioneras de Acci\u00f3n cat\u00f3lica de la Inmaculada Concepci\u00f3n<\/span>\n\t\t\t\t\t\t\t\t\t<\/li>\n\t\t\t\t\t\t\t\t<li class=\"elementor-icon-list-item\">\n\t\t\t\t\t\t\t\t\t\t\t<span class=\"elementor-icon-list-icon\">\n\t\t\t\t\t\t\t<i aria-hidden=\"true\" class=\"fas fa-star\"><\/i>\t\t\t\t\t\t<\/span>\n\t\t\t\t\t\t\t\t\t\t<span class=\"elementor-icon-list-text\">8.\tMisioneras de Jes\u00fas Hostia<\/span>\n\t\t\t\t\t\t\t\t\t<\/li>\n\t\t\t\t\t\t\t\t<li class=\"elementor-icon-list-item\">\n\t\t\t\t\t\t\t\t\t\t\t<span class=\"elementor-icon-list-icon\">\n\t\t\t\t\t\t\t<i aria-hidden=\"true\" class=\"fas fa-star\"><\/i>\t\t\t\t\t\t<\/span>\n\t\t\t\t\t\t\t\t\t\t<span class=\"elementor-icon-list-text\">9.\tMisioneras de Jes\u00fas Sacerdote<\/span>\n\t\t\t\t\t\t\t\t\t<\/li>\n\t\t\t\t\t\t\t\t<li class=\"elementor-icon-list-item\">\n\t\t\t\t\t\t\t\t\t\t\t<span class=\"elementor-icon-list-icon\">\n\t\t\t\t\t\t\t<i aria-hidden=\"true\" class=\"fas fa-star\"><\/i>\t\t\t\t\t\t<\/span>\n\t\t\t\t\t\t\t\t\t\t<span class=\"elementor-icon-list-text\">10.\tMisioneras de la Caridad de Mar\u00eda Inmaculada<\/span>\n\t\t\t\t\t\t\t\t\t<\/li>\n\t\t\t\t\t\t\t\t<li class=\"elementor-icon-list-item\">\n\t\t\t\t\t\t\t\t\t\t\t<span class=\"elementor-icon-list-icon\">\n\t\t\t\t\t\t\t<i aria-hidden=\"true\" class=\"fas fa-star\"><\/i>\t\t\t\t\t\t<\/span>\n\t\t\t\t\t\t\t\t\t\t<span class=\"elementor-icon-list-text\">11.\tMisioneras Eucar\u00edsticas de la Sant\u00edsima Trinidad<\/span>\n\t\t\t\t\t\t\t\t\t<\/li>\n\t\t\t\t\t\t\t\t<li class=\"elementor-icon-list-item\">\n\t\t\t\t\t\t\t\t\t\t\t<span class=\"elementor-icon-list-icon\">\n\t\t\t\t\t\t\t<i aria-hidden=\"true\" class=\"fas fa-star\"><\/i>\t\t\t\t\t\t<\/span>\n\t\t\t\t\t\t\t\t\t\t<span class=\"elementor-icon-list-text\">12.\tMisioneras Guadalupanas del Esp\u00edritu Santo<\/span>\n\t\t\t\t\t\t\t\t\t<\/li>\n\t\t\t\t\t\t\t\t<li class=\"elementor-icon-list-item\">\n\t\t\t\t\t\t\t\t\t\t\t<span class=\"elementor-icon-list-icon\">\n\t\t\t\t\t\t\t<i aria-hidden=\"true\" class=\"fas fa-star\"><\/i>\t\t\t\t\t\t<\/span>\n\t\t\t\t\t\t\t\t\t\t<span class=\"elementor-icon-list-text\">13.\tOblatas de Jes\u00fas Sacerdote<\/span>\n\t\t\t\t\t\t\t\t\t<\/li>\n\t\t\t\t\t\t\t\t<li class=\"elementor-icon-list-item\">\n\t\t\t\t\t\t\t\t\t\t\t<span class=\"elementor-icon-list-icon\">\n\t\t\t\t\t\t\t<i aria-hidden=\"true\" class=\"fas fa-star\"><\/i>\t\t\t\t\t\t<\/span>\n\t\t\t\t\t\t\t\t\t\t<span class=\"elementor-icon-list-text\">14.\tOblatas de Santa Martha<\/span>\n\t\t\t\t\t\t\t\t\t<\/li>\n\t\t\t\t\t\t\t\t<li class=\"elementor-icon-list-item\">\n\t\t\t\t\t\t\t\t\t\t\t<span class=\"elementor-icon-list-icon\">\n\t\t\t\t\t\t\t<i aria-hidden=\"true\" class=\"fas fa-star\"><\/i>\t\t\t\t\t\t<\/span>\n\t\t\t\t\t\t\t\t\t\t<span class=\"elementor-icon-list-text\">15.\tOblatas Eucar\u00edsticas de la Soledad de Mar\u00eda<\/span>\n\t\t\t\t\t\t\t\t\t<\/li>\n\t\t\t\t\t\t\t\t<li class=\"elementor-icon-list-item\">\n\t\t\t\t\t\t\t\t\t\t\t<span class=\"elementor-icon-list-icon\">\n\t\t\t\t\t\t\t<i aria-hidden=\"true\" class=\"fas fa-star\"><\/i>\t\t\t\t\t\t<\/span>\n\t\t\t\t\t\t\t\t\t\t<span class=\"elementor-icon-list-text\">16.\tReligiosas de la Cruz del Sagrado Coraz\u00f3n de Jes\u00fas<\/span>\n\t\t\t\t\t\t\t\t\t<\/li>\n\t\t\t\t\t\t\t\t<li class=\"elementor-icon-list-item\">\n\t\t\t\t\t\t\t\t\t\t\t<span class=\"elementor-icon-list-icon\">\n\t\t\t\t\t\t\t<i aria-hidden=\"true\" class=\"fas fa-star\"><\/i>\t\t\t\t\t\t<\/span>\n\t\t\t\t\t\t\t\t\t\t<span class=\"elementor-icon-list-text\">17.\tFraternidad Sacerdotal<\/span>\n\t\t\t\t\t\t\t\t\t<\/li>\n\t\t\t\t\t\t\t\t<li class=\"elementor-icon-list-item\">\n\t\t\t\t\t\t\t\t\t\t\t<span class=\"elementor-icon-list-icon\">\n\t\t\t\t\t\t\t<i aria-hidden=\"true\" class=\"fas fa-star\"><\/i>\t\t\t\t\t\t<\/span>\n\t\t\t\t\t\t\t\t\t\t<span class=\"elementor-icon-list-text\">18. Misioneros de la Cruz<\/span>\n\t\t\t\t\t\t\t\t\t<\/li>\n\t\t\t\t\t\t<\/ul>\n\t\t\t\t\t\t<\/div>\n\t\t\t\t<\/div>\n\t\t\t\t\t<\/div>\n\t\t<\/div>\n\t\t\t\t\t<\/div>\n\t\t<\/section>\n\t\t\t\t<\/div>\n\t\t","protected":false},"excerpt":{"rendered":"<p>Pertenecemos a la familia de la Cruz Hermanas de la Vera Cruz Hijas de la Iglesia La Espiritualidad de la Cruz imita a Cristo &#8211; ense\u00f1a a vivir Todas las espiritualidades son una manera de vivir la vida cristiana y se distinguen entre s\u00ed por&#8230;<\/p>\n","protected":false},"author":1,"featured_media":0,"parent":0,"menu_order":0,"comment_status":"closed","ping_status":"closed","template":"","meta":{"footnotes":""},"class_list":["post-1426","page","type-page","status-publish","hentry"],"_links":{"self":[{"href":"https:\/\/hermanasdelaveracruz.avir.consulting\/index.php?rest_route=\/wp\/v2\/pages\/1426"}],"collection":[{"href":"https:\/\/hermanasdelaveracruz.avir.consulting\/index.php?rest_route=\/wp\/v2\/pages"}],"about":[{"href":"https:\/\/hermanasdelaveracruz.avir.consulting\/index.php?rest_route=\/wp\/v2\/types\/page"}],"author":[{"embeddable":true,"href":"https:\/\/hermanasdelaveracruz.avir.consulting\/index.php?rest_route=\/wp\/v2\/users\/1"}],"replies":[{"embeddable":true,"href":"https:\/\/hermanasdelaveracruz.avir.consulting\/index.php?rest_route=%2Fwp%2Fv2%2Fcomments&post=1426"}],"version-history":[{"count":8,"href":"https:\/\/hermanasdelaveracruz.avir.consulting\/index.php?rest_route=\/wp\/v2\/pages\/1426\/revisions"}],"predecessor-version":[{"id":2551,"href":"https:\/\/hermanasdelaveracruz.avir.consulting\/index.php?rest_route=\/wp\/v2\/pages\/1426\/revisions\/2551"}],"wp:attachment":[{"href":"https:\/\/hermanasdelaveracruz.avir.consulting\/index.php?rest_route=%2Fwp%2Fv2%2Fmedia&parent=1426"}],"curies":[{"name":"wp","href":"https:\/\/api.w.org\/{rel}","templated":true}]}}