{"id":1226,"date":"2021-09-20T23:51:39","date_gmt":"2021-09-20T23:51:39","guid":{"rendered":"https:\/\/hermanasdelaveracruz.avir.consulting\/?page_id=1226"},"modified":"2022-03-31T15:12:26","modified_gmt":"2022-03-31T15:12:26","slug":"m-martha-christlieb","status":"publish","type":"page","link":"https:\/\/hermanasdelaveracruz.avir.consulting\/?page_id=1226","title":{"rendered":"M. Martha Christlieb"},"content":{"rendered":"\t\t<div data-elementor-type=\"wp-page\" data-elementor-id=\"1226\" class=\"elementor elementor-1226\">\n\t\t\t\t\t\t<section class=\"elementor-section elementor-top-section elementor-element elementor-element-34b82721 elementor-section-stretched elementor-section-boxed elementor-section-height-default elementor-section-height-default parallax_section_no qode_elementor_container_no\" data-id=\"34b82721\" data-element_type=\"section\" data-e-type=\"section\" data-settings=\"{&quot;background_background&quot;:&quot;classic&quot;,&quot;stretch_section&quot;:&quot;section-stretched&quot;}\">\n\t\t\t\t\t\t\t<div class=\"elementor-background-overlay\"><\/div>\n\t\t\t\t\t\t\t<div class=\"elementor-container elementor-column-gap-default\">\n\t\t\t\t\t<div class=\"elementor-column elementor-col-100 elementor-top-column elementor-element elementor-element-7f0b11c4\" data-id=\"7f0b11c4\" data-element_type=\"column\" data-e-type=\"column\">\n\t\t\t<div class=\"elementor-widget-wrap elementor-element-populated\">\n\t\t\t\t\t\t<div class=\"elementor-element elementor-element-a10ac3c elementor-invisible elementor-widget elementor-widget-image\" data-id=\"a10ac3c\" data-element_type=\"widget\" data-e-type=\"widget\" data-settings=\"{&quot;_animation&quot;:&quot;fadeInUp&quot;}\" data-widget_type=\"image.default\">\n\t\t\t\t<div class=\"elementor-widget-container\">\n\t\t\t\t\t\t\t\t\t\t\t\t\t\t\t<img fetchpriority=\"high\" decoding=\"async\" width=\"500\" height=\"500\" src=\"https:\/\/hermanasdelaveracruz.avir.consulting\/wp-content\/uploads\/2021\/09\/mc-4.png\" class=\"attachment-full size-full wp-image-1403\" alt=\"\" srcset=\"https:\/\/hermanasdelaveracruz.avir.consulting\/wp-content\/uploads\/2021\/09\/mc-4.png 500w, https:\/\/hermanasdelaveracruz.avir.consulting\/wp-content\/uploads\/2021\/09\/mc-4-300x300.png 300w, https:\/\/hermanasdelaveracruz.avir.consulting\/wp-content\/uploads\/2021\/09\/mc-4-150x150.png 150w\" sizes=\"(max-width: 500px) 100vw, 500px\" \/>\t\t\t\t\t\t\t\t\t\t\t\t\t\t\t<\/div>\n\t\t\t\t<\/div>\n\t\t\t\t<div class=\"elementor-element elementor-element-75281cb6 elementor-invisible elementor-widget elementor-widget-video\" data-id=\"75281cb6\" data-element_type=\"widget\" data-e-type=\"widget\" data-settings=\"{&quot;show_image_overlay&quot;:&quot;yes&quot;,&quot;image_overlay&quot;:{&quot;url&quot;:&quot;https:\\\/\\\/hermanasdelaveracruz.avir.consulting\\\/wp-content\\\/uploads\\\/2022\\\/03\\\/Draw-my-life-madre-Martha.jpg&quot;,&quot;id&quot;:2523,&quot;size&quot;:&quot;&quot;,&quot;alt&quot;:&quot;&quot;,&quot;source&quot;:&quot;library&quot;},&quot;autoplay&quot;:&quot;no&quot;,&quot;youtube_url&quot;:&quot;https:\\\/\\\/youtu.be\\\/G4ah-vl4UM8&quot;,&quot;_animation&quot;:&quot;fadeInUp&quot;,&quot;video_type&quot;:&quot;youtube&quot;,&quot;controls&quot;:&quot;yes&quot;}\" data-widget_type=\"video.default\">\n\t\t\t\t<div class=\"elementor-widget-container\">\n\t\t\t\t\t\t\t<div class=\"elementor-wrapper elementor-open-inline\">\n\t\t\t<div class=\"elementor-video\"><\/div>\t\t\t\t<div class=\"elementor-custom-embed-image-overlay\" style=\"background-image: url(https:\/\/hermanasdelaveracruz.avir.consulting\/wp-content\/uploads\/2022\/03\/Draw-my-life-madre-Martha.jpg);\">\n\t\t\t\t\t\t\t\t\t\t\t\t\t\t\t\t<div class=\"elementor-custom-embed-play\" role=\"button\" aria-label=\"Play Video\" tabindex=\"0\">\n\t\t\t\t\t\t\t<i aria-hidden=\"true\" class=\"eicon-play\"><\/i>\t\t\t\t\t\t<\/div>\n\t\t\t\t\t\t\t\t\t<\/div>\n\t\t\t\t\t<\/div>\n\t\t\t\t\t\t<\/div>\n\t\t\t\t<\/div>\n\t\t\t\t\t<\/div>\n\t\t<\/div>\n\t\t\t\t\t<\/div>\n\t\t<\/section>\n\t\t\t\t<section class=\"elementor-section elementor-top-section elementor-element elementor-element-7269e436 elementor-section-boxed elementor-section-height-default elementor-section-height-default parallax_section_no qode_elementor_container_no elementor-invisible\" data-id=\"7269e436\" data-element_type=\"section\" data-e-type=\"section\" data-settings=\"{&quot;background_background&quot;:&quot;gradient&quot;,&quot;animation&quot;:&quot;fadeInDown&quot;}\">\n\t\t\t\t\t\t<div class=\"elementor-container elementor-column-gap-default\">\n\t\t\t\t\t<div class=\"elementor-column elementor-col-100 elementor-top-column elementor-element elementor-element-79086d83\" data-id=\"79086d83\" data-element_type=\"column\" data-e-type=\"column\">\n\t\t\t<div class=\"elementor-widget-wrap elementor-element-populated\">\n\t\t\t\t\t\t<div class=\"elementor-element elementor-element-2cb32346 elementor-widget elementor-widget-heading\" data-id=\"2cb32346\" data-element_type=\"widget\" data-e-type=\"widget\" data-widget_type=\"heading.default\">\n\t\t\t\t<div class=\"elementor-widget-container\">\n\t\t\t\t\t<h3 class=\"elementor-heading-title elementor-size-large\">Nuestra Madre Fundadora<\/h3>\t\t\t\t<\/div>\n\t\t\t\t<\/div>\n\t\t\t\t\t<\/div>\n\t\t<\/div>\n\t\t\t\t\t<\/div>\n\t\t<\/section>\n\t\t\t\t<section class=\"elementor-section elementor-top-section elementor-element elementor-element-56e5b331 elementor-section-content-middle elementor-section-full_width elementor-section-height-default elementor-section-height-default parallax_section_no qode_elementor_container_no\" data-id=\"56e5b331\" data-element_type=\"section\" data-e-type=\"section\">\n\t\t\t\t\t\t<div class=\"elementor-container elementor-column-gap-default\">\n\t\t\t\t\t<div class=\"elementor-column elementor-col-50 elementor-top-column elementor-element elementor-element-73e43ee0\" data-id=\"73e43ee0\" data-element_type=\"column\" data-e-type=\"column\">\n\t\t\t<div class=\"elementor-widget-wrap elementor-element-populated\">\n\t\t\t\t\t\t<div class=\"elementor-element elementor-element-f33282c elementor-widget elementor-widget-text-editor\" data-id=\"f33282c\" data-element_type=\"widget\" data-e-type=\"widget\" data-widget_type=\"text-editor.default\">\n\t\t\t\t<div class=\"elementor-widget-container\">\n\t\t\t\t\t\t\t\t\t<p><span style=\"font-weight: 400;\"><strong>Nace el 23 de junio de 1914<\/strong> en la ciudad de <strong>M\u00e9xico, D.F<\/strong>.\u00a0 Sus padres fueron Adolfo Christlieb y Paula Ibarrola, fue primog\u00e9nita de once hermanos.<\/span><\/p>\t\t\t\t\t\t\t\t<\/div>\n\t\t\t\t<\/div>\n\t\t\t\t\t<\/div>\n\t\t<\/div>\n\t\t\t\t<div class=\"elementor-column elementor-col-50 elementor-top-column elementor-element elementor-element-3fb0ff92\" data-id=\"3fb0ff92\" data-element_type=\"column\" data-e-type=\"column\">\n\t\t\t<div class=\"elementor-widget-wrap elementor-element-populated\">\n\t\t\t\t\t\t<div class=\"elementor-element elementor-element-7d171052 elementor-widget elementor-widget-image\" data-id=\"7d171052\" data-element_type=\"widget\" data-e-type=\"widget\" data-widget_type=\"image.default\">\n\t\t\t\t<div class=\"elementor-widget-container\">\n\t\t\t\t\t\t\t\t\t\t\t\t\t\t\t<img decoding=\"async\" width=\"689\" height=\"477\" src=\"https:\/\/hermanasdelaveracruz.avir.consulting\/wp-content\/uploads\/2021\/09\/Madre-martha-nina.jpg\" class=\"attachment-full size-full wp-image-1489\" alt=\"\" srcset=\"https:\/\/hermanasdelaveracruz.avir.consulting\/wp-content\/uploads\/2021\/09\/Madre-martha-nina.jpg 689w, https:\/\/hermanasdelaveracruz.avir.consulting\/wp-content\/uploads\/2021\/09\/Madre-martha-nina-300x208.jpg 300w\" sizes=\"(max-width: 689px) 100vw, 689px\" \/>\t\t\t\t\t\t\t\t\t\t\t\t\t\t\t<\/div>\n\t\t\t\t<\/div>\n\t\t\t\t\t<\/div>\n\t\t<\/div>\n\t\t\t\t\t<\/div>\n\t\t<\/section>\n\t\t\t\t<section class=\"elementor-section elementor-top-section elementor-element elementor-element-60e4e2b3 elementor-section-content-middle elementor-reverse-mobile elementor-section-full_width elementor-section-height-default elementor-section-height-default parallax_section_no qode_elementor_container_no\" data-id=\"60e4e2b3\" data-element_type=\"section\" data-e-type=\"section\">\n\t\t\t\t\t\t<div class=\"elementor-container elementor-column-gap-default\">\n\t\t\t\t\t<div class=\"elementor-column elementor-col-50 elementor-top-column elementor-element elementor-element-45c8a570\" data-id=\"45c8a570\" data-element_type=\"column\" data-e-type=\"column\">\n\t\t\t<div class=\"elementor-widget-wrap elementor-element-populated\">\n\t\t\t\t\t\t<div class=\"elementor-element elementor-element-1c5b7013 elementor-widget elementor-widget-image\" data-id=\"1c5b7013\" data-element_type=\"widget\" data-e-type=\"widget\" data-widget_type=\"image.default\">\n\t\t\t\t<div class=\"elementor-widget-container\">\n\t\t\t\t\t\t\t\t\t\t\t\t\t\t\t<img decoding=\"async\" width=\"689\" height=\"477\" src=\"https:\/\/hermanasdelaveracruz.avir.consulting\/wp-content\/uploads\/2021\/09\/MAdre-martha-y-hermano-.jpg\" class=\"attachment-full size-full wp-image-1495\" alt=\"\" srcset=\"https:\/\/hermanasdelaveracruz.avir.consulting\/wp-content\/uploads\/2021\/09\/MAdre-martha-y-hermano-.jpg 689w, https:\/\/hermanasdelaveracruz.avir.consulting\/wp-content\/uploads\/2021\/09\/MAdre-martha-y-hermano--300x208.jpg 300w\" sizes=\"(max-width: 689px) 100vw, 689px\" \/>\t\t\t\t\t\t\t\t\t\t\t\t\t\t\t<\/div>\n\t\t\t\t<\/div>\n\t\t\t\t\t<\/div>\n\t\t<\/div>\n\t\t\t\t<div class=\"elementor-column elementor-col-50 elementor-top-column elementor-element elementor-element-6f177237\" data-id=\"6f177237\" data-element_type=\"column\" data-e-type=\"column\">\n\t\t\t<div class=\"elementor-widget-wrap elementor-element-populated\">\n\t\t\t\t\t\t<div class=\"elementor-element elementor-element-7a8a8653 elementor-widget elementor-widget-text-editor\" data-id=\"7a8a8653\" data-element_type=\"widget\" data-e-type=\"widget\" data-widget_type=\"text-editor.default\">\n\t\t\t\t<div class=\"elementor-widget-container\">\n\t\t\t\t\t\t\t\t\t<p><span style=\"font-weight: 400;\">El 17 de julio de 1914 recibe el<strong> bautismo<\/strong>, el 20 de febrero de 1916 la <strong>Confirmaci\u00f3n<\/strong> y hace su<strong> primera Comuni\u00f3n <\/strong>el 15 de junio de 1922.<\/span><\/p><p><span style=\"font-weight: 400;\">De ni\u00f1a se distingui\u00f3 por su tierno amor a la familia, su aplicaci\u00f3n al estudio, su entusiasmo por la obra Pro Sacerdotal, su <strong>gran amor a Mar\u00eda Sant\u00edsima y devoci\u00f3n al Santo Rosario.<\/strong><\/span><\/p>\t\t\t\t\t\t\t\t<\/div>\n\t\t\t\t<\/div>\n\t\t\t\t\t<\/div>\n\t\t<\/div>\n\t\t\t\t\t<\/div>\n\t\t<\/section>\n\t\t\t\t<section class=\"elementor-section elementor-top-section elementor-element elementor-element-367a8c7c elementor-section-content-middle elementor-section-full_width elementor-section-height-default elementor-section-height-default parallax_section_no qode_elementor_container_no\" data-id=\"367a8c7c\" data-element_type=\"section\" data-e-type=\"section\" data-settings=\"{&quot;background_background&quot;:&quot;classic&quot;}\">\n\t\t\t\t\t\t<div class=\"elementor-container elementor-column-gap-default\">\n\t\t\t\t\t<div class=\"elementor-column elementor-col-50 elementor-top-column elementor-element elementor-element-71a42482\" data-id=\"71a42482\" data-element_type=\"column\" data-e-type=\"column\">\n\t\t\t<div class=\"elementor-widget-wrap elementor-element-populated\">\n\t\t\t\t\t\t<div class=\"elementor-element elementor-element-674b2526 elementor-widget elementor-widget-text-editor\" data-id=\"674b2526\" data-element_type=\"widget\" data-e-type=\"widget\" data-widget_type=\"text-editor.default\">\n\t\t\t\t<div class=\"elementor-widget-container\">\n\t\t\t\t\t\t\t\t\t<p><span style=\"font-weight: 400;\"><strong>En el a\u00f1o de 1932 conoce a P. Edmundo Iturbide<\/strong> en unos ejercicios espirituales que imparti\u00f3 en el colegio \u201cMotolin\u00eda\u201d, del 18 al 20 de febrero, Martha estaba terminando la preparatoria y el 20 \u00faltimo d\u00eda de ejercicios es donde le pide que sea su director espiritual.<\/span><\/p><p><span style=\"font-weight: 400;\">Estudi\u00f3 la carrera de Qu\u00edmica Farmac\u00e9utica en la UNAM y se titul\u00f3 el 22 de agosto de 1938.<\/span><\/p><p><span style=\"font-weight: 400;\">\u00a0<\/span><\/p>\t\t\t\t\t\t\t\t<\/div>\n\t\t\t\t<\/div>\n\t\t\t\t\t<\/div>\n\t\t<\/div>\n\t\t\t\t<div class=\"elementor-column elementor-col-50 elementor-top-column elementor-element elementor-element-60917188\" data-id=\"60917188\" data-element_type=\"column\" data-e-type=\"column\">\n\t\t\t<div class=\"elementor-widget-wrap elementor-element-populated\">\n\t\t\t\t\t\t<div class=\"elementor-element elementor-element-e927790 elementor-widget elementor-widget-image\" data-id=\"e927790\" data-element_type=\"widget\" data-e-type=\"widget\" data-widget_type=\"image.default\">\n\t\t\t\t<div class=\"elementor-widget-container\">\n\t\t\t\t\t\t\t\t\t\t\t\t\t\t\t<img loading=\"lazy\" decoding=\"async\" width=\"2012\" height=\"1918\" src=\"https:\/\/hermanasdelaveracruz.avir.consulting\/wp-content\/uploads\/2021\/10\/Padres-Fundadores.png\" class=\"attachment-full size-full wp-image-2056\" alt=\"\" srcset=\"https:\/\/hermanasdelaveracruz.avir.consulting\/wp-content\/uploads\/2021\/10\/Padres-Fundadores.png 2012w, https:\/\/hermanasdelaveracruz.avir.consulting\/wp-content\/uploads\/2021\/10\/Padres-Fundadores-300x286.png 300w, https:\/\/hermanasdelaveracruz.avir.consulting\/wp-content\/uploads\/2021\/10\/Padres-Fundadores-1024x976.png 1024w, https:\/\/hermanasdelaveracruz.avir.consulting\/wp-content\/uploads\/2021\/10\/Padres-Fundadores-768x732.png 768w, https:\/\/hermanasdelaveracruz.avir.consulting\/wp-content\/uploads\/2021\/10\/Padres-Fundadores-1536x1464.png 1536w, https:\/\/hermanasdelaveracruz.avir.consulting\/wp-content\/uploads\/2021\/10\/Padres-Fundadores-700x667.png 700w\" sizes=\"(max-width: 2012px) 100vw, 2012px\" \/>\t\t\t\t\t\t\t\t\t\t\t\t\t\t\t<\/div>\n\t\t\t\t<\/div>\n\t\t\t\t\t<\/div>\n\t\t<\/div>\n\t\t\t\t\t<\/div>\n\t\t<\/section>\n\t\t\t\t<section class=\"elementor-section elementor-top-section elementor-element elementor-element-f18eeda elementor-section-content-middle elementor-reverse-mobile elementor-section-full_width elementor-section-height-default elementor-section-height-default parallax_section_no qode_elementor_container_no\" data-id=\"f18eeda\" data-element_type=\"section\" data-e-type=\"section\">\n\t\t\t\t\t\t<div class=\"elementor-container elementor-column-gap-default\">\n\t\t\t\t\t<div class=\"elementor-column elementor-col-50 elementor-top-column elementor-element elementor-element-a4b48ad\" data-id=\"a4b48ad\" data-element_type=\"column\" data-e-type=\"column\">\n\t\t\t<div class=\"elementor-widget-wrap elementor-element-populated\">\n\t\t\t\t\t\t<div class=\"elementor-element elementor-element-4b693c3 elementor-widget elementor-widget-image\" data-id=\"4b693c3\" data-element_type=\"widget\" data-e-type=\"widget\" data-widget_type=\"image.default\">\n\t\t\t\t<div class=\"elementor-widget-container\">\n\t\t\t\t\t\t\t\t\t\t\t\t\t\t\t<img loading=\"lazy\" decoding=\"async\" width=\"689\" height=\"477\" src=\"https:\/\/hermanasdelaveracruz.avir.consulting\/wp-content\/uploads\/2021\/10\/nuestro-padre-y-hermanas.jpg\" class=\"attachment-full size-full wp-image-2188\" alt=\"\" srcset=\"https:\/\/hermanasdelaveracruz.avir.consulting\/wp-content\/uploads\/2021\/10\/nuestro-padre-y-hermanas.jpg 689w, https:\/\/hermanasdelaveracruz.avir.consulting\/wp-content\/uploads\/2021\/10\/nuestro-padre-y-hermanas-300x208.jpg 300w\" sizes=\"(max-width: 689px) 100vw, 689px\" \/>\t\t\t\t\t\t\t\t\t\t\t\t\t\t\t<\/div>\n\t\t\t\t<\/div>\n\t\t\t\t\t<\/div>\n\t\t<\/div>\n\t\t\t\t<div class=\"elementor-column elementor-col-50 elementor-top-column elementor-element elementor-element-125a5ff\" data-id=\"125a5ff\" data-element_type=\"column\" data-e-type=\"column\">\n\t\t\t<div class=\"elementor-widget-wrap elementor-element-populated\">\n\t\t\t\t\t\t<div class=\"elementor-element elementor-element-d73ffd1 elementor-widget elementor-widget-text-editor\" data-id=\"d73ffd1\" data-element_type=\"widget\" data-e-type=\"widget\" data-widget_type=\"text-editor.default\">\n\t\t\t\t<div class=\"elementor-widget-container\">\n\t\t\t\t\t\t\t\t\t<p><span style=\"font-weight: 400;\"><strong>Ingresa a la vida religiosa en el Instituto de Misioneras de Jes\u00fas Sacerdote el 31 de mayo de 1942<\/strong>, el 20 de noviembre de ese mismo a\u00f1o <strong>recibe el h\u00e1bito de novicia y el 25 de diciembre de 1943 hace su profesi\u00f3n religiosa.<\/strong><\/span><\/p><p><span style=\"font-weight: 400;\"><strong>\u00a0<\/strong><\/span><\/p><p><span style=\"font-weight: 400;\">En 1952 M. Martha y otras hermanas deciden salir del Instituto de Misioneras de Jes\u00fas Sacerdote e <strong>impulsada por el Esp\u00edritu Santo funda junto con P. Edmundo al Instituto de Hermanas de la Vera Cruz Hijas de la Iglesia.<\/strong><\/span><\/p><p><span style=\"font-weight: 400;\"><strong>\u00a0<\/strong><\/span><\/p><p><em><strong>Muere en la madrugada del 9 de mayo de 1975.<\/strong><\/em><\/p>\t\t\t\t\t\t\t\t<\/div>\n\t\t\t\t<\/div>\n\t\t\t\t\t<\/div>\n\t\t<\/div>\n\t\t\t\t\t<\/div>\n\t\t<\/section>\n\t\t\t\t<\/div>\n\t\t","protected":false},"excerpt":{"rendered":"<p>Nuestra Madre Fundadora Nace el 23 de junio de 1914 en la ciudad de M\u00e9xico, D.F.\u00a0 Sus padres fueron Adolfo Christlieb y Paula Ibarrola, fue primog\u00e9nita de once hermanos. El 17 de julio de 1914 recibe el bautismo, el 20 de febrero de 1916 la&#8230;<\/p>\n","protected":false},"author":1,"featured_media":0,"parent":0,"menu_order":0,"comment_status":"closed","ping_status":"closed","template":"","meta":{"footnotes":""},"class_list":["post-1226","page","type-page","status-publish","hentry"],"_links":{"self":[{"href":"https:\/\/hermanasdelaveracruz.avir.consulting\/index.php?rest_route=\/wp\/v2\/pages\/1226"}],"collection":[{"href":"https:\/\/hermanasdelaveracruz.avir.consulting\/index.php?rest_route=\/wp\/v2\/pages"}],"about":[{"href":"https:\/\/hermanasdelaveracruz.avir.consulting\/index.php?rest_route=\/wp\/v2\/types\/page"}],"author":[{"embeddable":true,"href":"https:\/\/hermanasdelaveracruz.avir.consulting\/index.php?rest_route=\/wp\/v2\/users\/1"}],"replies":[{"embeddable":true,"href":"https:\/\/hermanasdelaveracruz.avir.consulting\/index.php?rest_route=%2Fwp%2Fv2%2Fcomments&post=1226"}],"version-history":[{"count":5,"href":"https:\/\/hermanasdelaveracruz.avir.consulting\/index.php?rest_route=\/wp\/v2\/pages\/1226\/revisions"}],"predecessor-version":[{"id":2526,"href":"https:\/\/hermanasdelaveracruz.avir.consulting\/index.php?rest_route=\/wp\/v2\/pages\/1226\/revisions\/2526"}],"wp:attachment":[{"href":"https:\/\/hermanasdelaveracruz.avir.consulting\/index.php?rest_route=%2Fwp%2Fv2%2Fmedia&parent=1226"}],"curies":[{"name":"wp","href":"https:\/\/api.w.org\/{rel}","templated":true}]}}